{"id":82,"date":"2021-08-10T16:33:41","date_gmt":"2021-08-10T19:33:41","guid":{"rendered":"https:\/\/ilabrasil.com.br\/blog\/?page_id=82"},"modified":"2025-12-06T13:11:12","modified_gmt":"2025-12-06T16:11:12","slug":"home","status":"publish","type":"page","link":"https:\/\/ilabrasil.com.br\/blog\/","title":{"rendered":"Home"},"content":{"rendered":"\t\t<div data-elementor-type=\"wp-page\" data-elementor-id=\"82\" class=\"elementor elementor-82\" data-elementor-post-type=\"page\">\n\t\t\t\t\t\t<section class=\"elementor-section elementor-top-section elementor-element elementor-element-7856f18 elementor-section-full_width elementor-section-height-default elementor-section-height-default\" data-id=\"7856f18\" data-element_type=\"section\">\n\t\t\t\t\t\t<div class=\"elementor-container elementor-column-gap-no\">\n\t\t\t\t\t<div class=\"elementor-column elementor-col-100 elementor-top-column elementor-element elementor-element-62aa40d\" data-id=\"62aa40d\" data-element_type=\"column\">\n\t\t\t<div class=\"elementor-widget-wrap elementor-element-populated\">\n\t\t\t\t\t\t<div class=\"elementor-element elementor-element-6253883 elementor--h-position-center elementor--v-position-middle elementor-arrows-position-inside elementor-pagination-position-inside elementor-widget elementor-widget-slides\" data-id=\"6253883\" data-element_type=\"widget\" data-settings=\"{&quot;navigation&quot;:&quot;both&quot;,&quot;autoplay&quot;:&quot;yes&quot;,&quot;pause_on_hover&quot;:&quot;yes&quot;,&quot;pause_on_interaction&quot;:&quot;yes&quot;,&quot;autoplay_speed&quot;:5000,&quot;infinite&quot;:&quot;yes&quot;,&quot;transition&quot;:&quot;slide&quot;,&quot;transition_speed&quot;:500}\" data-widget_type=\"slides.default\">\n\t\t\t\t<div class=\"elementor-widget-container\">\n\t\t\t\t\t\t\t\t\t<div class=\"elementor-swiper\">\n\t\t\t\t\t<div class=\"elementor-slides-wrapper elementor-main-swiper swiper\" role=\"region\" aria-roledescription=\"carousel\" aria-label=\"Slides\" dir=\"ltr\" data-animation=\"fadeInUp\">\n\t\t\t\t<div class=\"swiper-wrapper elementor-slides\">\n\t\t\t\t\t\t\t\t\t\t<div class=\"elementor-repeater-item-b315950 swiper-slide\" role=\"group\" aria-roledescription=\"slide\"><div class=\"swiper-slide-bg elementor-ken-burns elementor-ken-burns--in\" role=\"img\"><\/div><a class=\"swiper-slide-inner\" href=\"http:\/\/ila-brasil.org.br\/blog\/category\/research-symposia\/\"><div class=\"swiper-slide-contents\"><div class=\"elementor-slide-heading\">Simp\u00f3sios de Pesquisas<\/div><div class=\"elementor-slide-description\">Research Symposia<\/div><div  class=\"elementor-button elementor-slide-button elementor-size-sm\">Confira \/ Read More<\/div><\/div><\/a><\/div><div class=\"elementor-repeater-item-fab478f swiper-slide\" role=\"group\" aria-roledescription=\"slide\"><div class=\"swiper-slide-bg elementor-ken-burns elementor-ken-burns--in\" role=\"img\"><\/div><a class=\"swiper-slide-inner\" href=\"http:\/\/ila-brasil.org.br\/blog\/category\/book-symposia\/\"><div class=\"swiper-slide-contents\"><div class=\"elementor-slide-heading\">Simp\u00f3sios de Livros<\/div><div class=\"elementor-slide-description\">Book Symposia<\/div><div  class=\"elementor-button elementor-slide-button elementor-size-sm\">Confira \/ Read more<\/div><\/div><\/a><\/div>\t\t\t\t<\/div>\n\t\t\t\t\t\t\t\t\t\t\t\t\t\t\t<div class=\"elementor-swiper-button elementor-swiper-button-prev\" role=\"button\" tabindex=\"0\" aria-label=\"Previous slide\">\n\t\t\t\t\t\t\t<i aria-hidden=\"true\" class=\"eicon-chevron-left\"><\/i>\t\t\t\t\t\t<\/div>\n\t\t\t\t\t\t<div class=\"elementor-swiper-button elementor-swiper-button-next\" role=\"button\" tabindex=\"0\" aria-label=\"Next slide\">\n\t\t\t\t\t\t\t<i aria-hidden=\"true\" class=\"eicon-chevron-right\"><\/i>\t\t\t\t\t\t<\/div>\n\t\t\t\t\t\t\t\t\t\t\t\t\t\t\t\t<div class=\"swiper-pagination\"><\/div>\n\t\t\t\t\t\t\t\t\t\t\t\t<\/div>\n\t\t\t\t<\/div>\n\t\t\t\t\t\t\t\t<\/div>\n\t\t\t\t<\/div>\n\t\t\t\t\t<\/div>\n\t\t<\/div>\n\t\t\t\t\t<\/div>\n\t\t<\/section>\n\t\t\t\t<section class=\"elementor-section elementor-top-section elementor-element elementor-element-d3ef68f elementor-section-boxed elementor-section-height-default elementor-section-height-default\" data-id=\"d3ef68f\" data-element_type=\"section\" data-settings=\"{&quot;background_background&quot;:&quot;classic&quot;}\">\n\t\t\t\t\t\t<div class=\"elementor-container elementor-column-gap-default\">\n\t\t\t\t\t<div class=\"elementor-column elementor-col-100 elementor-top-column elementor-element elementor-element-538af9b\" data-id=\"538af9b\" data-element_type=\"column\">\n\t\t\t<div class=\"elementor-widget-wrap elementor-element-populated\">\n\t\t\t\t\t\t<section class=\"elementor-section elementor-inner-section elementor-element elementor-element-ba90f4c elementor-section-content-middle elementor-section-boxed elementor-section-height-default elementor-section-height-default\" data-id=\"ba90f4c\" data-element_type=\"section\">\n\t\t\t\t\t\t<div class=\"elementor-container elementor-column-gap-no\">\n\t\t\t\t\t<div class=\"elementor-column elementor-col-50 elementor-inner-column elementor-element elementor-element-4996bca\" data-id=\"4996bca\" data-element_type=\"column\">\n\t\t\t<div class=\"elementor-widget-wrap elementor-element-populated\">\n\t\t\t\t\t\t<div class=\"elementor-element elementor-element-e8ab6c3 elementor-widget__width-auto elementor-view-default elementor-widget elementor-widget-icon\" data-id=\"e8ab6c3\" data-element_type=\"widget\" data-widget_type=\"icon.default\">\n\t\t\t\t<div class=\"elementor-widget-container\">\n\t\t\t\t\t\t\t<div class=\"elementor-icon-wrapper\">\n\t\t\t<div class=\"elementor-icon\">\n\t\t\t<i aria-hidden=\"true\" class=\"fas fa-star\"><\/i>\t\t\t<\/div>\n\t\t<\/div>\n\t\t\t\t\t\t<\/div>\n\t\t\t\t<\/div>\n\t\t\t\t<div class=\"elementor-element elementor-element-2f2f071 elementor-widget__width-auto elementor-widget elementor-widget-heading\" data-id=\"2f2f071\" data-element_type=\"widget\" data-widget_type=\"heading.default\">\n\t\t\t\t<div class=\"elementor-widget-container\">\n\t\t\t\t\t<h3 class=\"elementor-heading-title elementor-size-default\">DESTAQUES \/ FEATURED:<\/h3>\t\t\t\t<\/div>\n\t\t\t\t<\/div>\n\t\t\t\t\t<\/div>\n\t\t<\/div>\n\t\t\t\t<div class=\"elementor-column elementor-col-50 elementor-inner-column elementor-element elementor-element-e3de0a4\" data-id=\"e3de0a4\" data-element_type=\"column\">\n\t\t\t<div class=\"elementor-widget-wrap elementor-element-populated\">\n\t\t\t\t\t\t<div class=\"elementor-element elementor-element-bb6f2ae elementor-align-right elementor-widget elementor-widget-button\" data-id=\"bb6f2ae\" data-element_type=\"widget\" data-widget_type=\"button.default\">\n\t\t\t\t<div class=\"elementor-widget-container\">\n\t\t\t\t\t\t\t\t\t<div class=\"elementor-button-wrapper\">\n\t\t\t\t\t<a class=\"elementor-button elementor-button-link elementor-size-xs\" href=\"https:\/\/www.ilabrasil.com.br\/blog\/category\/destaque\/\">\n\t\t\t\t\t\t<span class=\"elementor-button-content-wrapper\">\n\t\t\t\t\t\t<span class=\"elementor-button-icon\">\n\t\t\t\t<i aria-hidden=\"true\" class=\"fas fa-plus\"><\/i>\t\t\t<\/span>\n\t\t\t\t\t\t\t\t<\/span>\n\t\t\t\t\t<\/a>\n\t\t\t\t<\/div>\n\t\t\t\t\t\t\t\t<\/div>\n\t\t\t\t<\/div>\n\t\t\t\t\t<\/div>\n\t\t<\/div>\n\t\t\t\t\t<\/div>\n\t\t<\/section>\n\t\t\t\t<div class=\"elementor-element elementor-element-b1c4ec5 elementor-widget-divider--view-line elementor-widget elementor-widget-divider\" data-id=\"b1c4ec5\" data-element_type=\"widget\" data-widget_type=\"divider.default\">\n\t\t\t\t<div class=\"elementor-widget-container\">\n\t\t\t\t\t\t\t<div class=\"elementor-divider\">\n\t\t\t<span class=\"elementor-divider-separator\">\n\t\t\t\t\t\t<\/span>\n\t\t<\/div>\n\t\t\t\t\t\t<\/div>\n\t\t\t\t<\/div>\n\t\t\t\t<div class=\"elementor-element elementor-element-e5084af elementor-grid-eael-col-3 elementor-grid-tablet-eael-col-2 elementor-grid-mobile-eael-col-1 elementor-widget elementor-widget-eael-post-grid\" data-id=\"e5084af\" data-element_type=\"widget\" data-settings=\"{&quot;eael_post_grid_columns&quot;:&quot;eael-col-3&quot;,&quot;eael_post_grid_columns_tablet&quot;:&quot;eael-col-2&quot;,&quot;eael_post_grid_columns_mobile&quot;:&quot;eael-col-1&quot;}\" data-widget_type=\"eael-post-grid.default\">\n\t\t\t\t<div class=\"elementor-widget-container\">\n\t\t\t\t\t<div id=\"eael-post-grid-e5084af\" class=\"eael-post-grid-container\">\n            <div class=\"eael-post-grid eael-post-appender eael-post-appender-e5084af eael-post-grid-style-two\" data-layout-mode=\"grid\"><article class=\"eael-grid-post eael-post-grid-column\" data-id=\"2761\">\n    <div class=\"eael-grid-post-holder\">\n        <div class=\"eael-grid-post-holder-inner\"><div class=\"eael-entry-media\"><div class=\"eael-entry-overlay zoom-in\"><i class=\"fab fa-readme\" aria-hidden=\"true\"><\/i><a href=\"https:\/\/ilabrasil.com.br\/blog\/latin-america-and-the-1970-cultural-objects-convention-beyond-the-passivity-of-source-countries\/\"><\/a><\/div><div class=\"eael-entry-thumbnail \">\n                            <img fetchpriority=\"high\" decoding=\"async\" width=\"768\" height=\"511\" src=\"https:\/\/ilabrasil.com.br\/blog\/wp-content\/uploads\/2026\/04\/Facade-UNESCO-Headquarters-Modernism-Marcel-Breuer-Zehrfuss-Nervi-Xaveer-850x566-1-768x511.jpg\" class=\"attachment-medium_large size-medium_large wp-image-2762\" alt=\"\" srcset=\"https:\/\/ilabrasil.com.br\/blog\/wp-content\/uploads\/2026\/04\/Facade-UNESCO-Headquarters-Modernism-Marcel-Breuer-Zehrfuss-Nervi-Xaveer-850x566-1-768x511.jpg 768w, https:\/\/ilabrasil.com.br\/blog\/wp-content\/uploads\/2026\/04\/Facade-UNESCO-Headquarters-Modernism-Marcel-Breuer-Zehrfuss-Nervi-Xaveer-850x566-1-300x200.jpg 300w, https:\/\/ilabrasil.com.br\/blog\/wp-content\/uploads\/2026\/04\/Facade-UNESCO-Headquarters-Modernism-Marcel-Breuer-Zehrfuss-Nervi-Xaveer-850x566-1.jpg 850w\" sizes=\"(max-width: 709px) 85vw, (max-width: 909px) 67vw, (max-width: 984px) 61vw, (max-width: 1362px) 45vw, 600px\" \/>\n                            <\/div>\n                    <\/div><div class=\"eael-entry-wrapper\"><header class=\"eael-entry-header\"><h2 class=\"eael-entry-title\"><a class=\"eael-grid-post-link\" href=\"https:\/\/ilabrasil.com.br\/blog\/latin-america-and-the-1970-cultural-objects-convention-beyond-the-passivity-of-source-countries\/\" title=\"Latin America and the 1970 Cultural Objects Convention: Beyond the Passivity of \u201cSource Countries\u201d\">Latin America and the 1970 Cultural Objects Convention: Beyond the Passivity of \u201cSource Countries\u201d<\/a><\/h2><\/header><div class=\"eael-entry-header-after style-two\"><div class=\"eael-entry-meta\"><span class=\"eael-posted-on eael-meta-posted-on\"><i class=\"far fa-clock\"><\/i><time datetime=\"27 de abril de 2026\">27 de abril de 2026<\/time><\/span><\/div><\/div><div class=\"eael-entry-content\">\n                                <div class=\"eael-grid-post-excerpt\"><p>The 1970 UNESCO Convention on the Means of Prohibiting and Preventing the Illicit Import, Export,...<\/p><a href=\"https:\/\/ilabrasil.com.br\/blog\/latin-america-and-the-1970-cultural-objects-convention-beyond-the-passivity-of-source-countries\/\" class=\"eael-post-elements-readmore-btn\">Leia mais \/ Read more<\/a><\/div>\n                            <\/div><\/div><\/div>\n    <\/div>\n<\/article><article class=\"eael-grid-post eael-post-grid-column\" data-id=\"2721\">\n    <div class=\"eael-grid-post-holder\">\n        <div class=\"eael-grid-post-holder-inner\"><div class=\"eael-entry-media\"><div class=\"eael-entry-overlay zoom-in\"><i class=\"fab fa-readme\" aria-hidden=\"true\"><\/i><a href=\"https:\/\/ilabrasil.com.br\/blog\/from-hauntology-to-utopia-twail-and-its-ghosts\/\"><\/a><\/div><div class=\"eael-entry-thumbnail \">\n                            <img decoding=\"async\" width=\"768\" height=\"432\" src=\"https:\/\/ilabrasil.com.br\/blog\/wp-content\/uploads\/2026\/04\/RS-2-768x432.png\" class=\"attachment-medium_large size-medium_large wp-image-2722\" alt=\"\" srcset=\"https:\/\/ilabrasil.com.br\/blog\/wp-content\/uploads\/2026\/04\/RS-2-768x432.png 768w, https:\/\/ilabrasil.com.br\/blog\/wp-content\/uploads\/2026\/04\/RS-2-300x169.png 300w, https:\/\/ilabrasil.com.br\/blog\/wp-content\/uploads\/2026\/04\/RS-2-1024x576.png 1024w, https:\/\/ilabrasil.com.br\/blog\/wp-content\/uploads\/2026\/04\/RS-2-1536x864.png 1536w, https:\/\/ilabrasil.com.br\/blog\/wp-content\/uploads\/2026\/04\/RS-2-1200x675.png 1200w, https:\/\/ilabrasil.com.br\/blog\/wp-content\/uploads\/2026\/04\/RS-2.png 1920w\" sizes=\"(max-width: 709px) 85vw, (max-width: 909px) 67vw, (max-width: 984px) 61vw, (max-width: 1362px) 45vw, 600px\" \/>\n                            <\/div>\n                    <\/div><div class=\"eael-entry-wrapper\"><header class=\"eael-entry-header\"><h2 class=\"eael-entry-title\"><a class=\"eael-grid-post-link\" href=\"https:\/\/ilabrasil.com.br\/blog\/from-hauntology-to-utopia-twail-and-its-ghosts\/\" title=\"From Hauntology to Utopia: TWAIL and its Ghosts\">From Hauntology to Utopia: TWAIL and its Ghosts<\/a><\/h2><\/header><div class=\"eael-entry-header-after style-two\"><div class=\"eael-entry-meta\"><span class=\"eael-posted-on eael-meta-posted-on\"><i class=\"far fa-clock\"><\/i><time datetime=\"10 de abril de 2026\">10 de abril de 2026<\/time><\/span><\/div><\/div><div class=\"eael-entry-content\">\n                                <div class=\"eael-grid-post-excerpt\"><p>How TWAILers approach History?<\/p><a href=\"https:\/\/ilabrasil.com.br\/blog\/from-hauntology-to-utopia-twail-and-its-ghosts\/\" class=\"eael-post-elements-readmore-btn\">Leia mais \/ Read more<\/a><\/div>\n                            <\/div><\/div><\/div>\n    <\/div>\n<\/article><article class=\"eael-grid-post eael-post-grid-column\" data-id=\"2710\">\n    <div class=\"eael-grid-post-holder\">\n        <div class=\"eael-grid-post-holder-inner\"><div class=\"eael-entry-media\"><div class=\"eael-entry-overlay zoom-in\"><i class=\"fab fa-readme\" aria-hidden=\"true\"><\/i><a href=\"https:\/\/ilabrasil.com.br\/blog\/introductory-post-international-law-and-the-global-south-operating-behind-solidary-lines\/\"><\/a><\/div><div class=\"eael-entry-thumbnail \">\n                            <img decoding=\"async\" width=\"768\" height=\"432\" src=\"https:\/\/ilabrasil.com.br\/blog\/wp-content\/uploads\/2026\/04\/RS-768x432.png\" class=\"attachment-medium_large size-medium_large wp-image-2714\" alt=\"\" srcset=\"https:\/\/ilabrasil.com.br\/blog\/wp-content\/uploads\/2026\/04\/RS-768x432.png 768w, https:\/\/ilabrasil.com.br\/blog\/wp-content\/uploads\/2026\/04\/RS-300x169.png 300w, https:\/\/ilabrasil.com.br\/blog\/wp-content\/uploads\/2026\/04\/RS-1024x576.png 1024w, https:\/\/ilabrasil.com.br\/blog\/wp-content\/uploads\/2026\/04\/RS-1536x864.png 1536w, https:\/\/ilabrasil.com.br\/blog\/wp-content\/uploads\/2026\/04\/RS-1200x675.png 1200w, https:\/\/ilabrasil.com.br\/blog\/wp-content\/uploads\/2026\/04\/RS.png 1920w\" sizes=\"(max-width: 709px) 85vw, (max-width: 909px) 67vw, (max-width: 984px) 61vw, (max-width: 1362px) 45vw, 600px\" \/>\n                            <\/div>\n                    <\/div><div class=\"eael-entry-wrapper\"><header class=\"eael-entry-header\"><h2 class=\"eael-entry-title\"><a class=\"eael-grid-post-link\" href=\"https:\/\/ilabrasil.com.br\/blog\/introductory-post-international-law-and-the-global-south-operating-behind-solidary-lines\/\" title=\"International Law and the Global South: Operating Behind Solidary Lines\">International Law and the Global South: Operating Behind Solidary Lines<\/a><\/h2><\/header><div class=\"eael-entry-header-after style-two\"><div class=\"eael-entry-meta\"><span class=\"eael-posted-on eael-meta-posted-on\"><i class=\"far fa-clock\"><\/i><time datetime=\"7 de abril de 2026\">7 de abril de 2026<\/time><\/span><\/div><\/div><div class=\"eael-entry-content\">\n                                <div class=\"eael-grid-post-excerpt\"><p>This post brings together some of the wonderful contributions from Postgraduate students from the Universidade...<\/p><a href=\"https:\/\/ilabrasil.com.br\/blog\/introductory-post-international-law-and-the-global-south-operating-behind-solidary-lines\/\" class=\"eael-post-elements-readmore-btn\">Leia mais \/ Read more<\/a><\/div>\n                            <\/div><\/div><\/div>\n    <\/div>\n<\/article><\/div>\n            <div class=\"clearfix\"><\/div>\n        <\/div>            <div class=\"eael-load-more-button-wrap eael-force-hide\">\n                <button class=\"eael-load-more-button\" id=\"eael-load-more-btn-e5084af\" data-widget-id=\"e5084af\" data-widget=\"e5084af\" data-page-id=\"82\" data-template=\"{&quot;dir&quot;:&quot;lite&quot;,&quot;file_name&quot;:&quot;two.php&quot;,&quot;name&quot;:&quot;Post-Grid&quot;}\" data-class=\"Essential_Addons_Elementor\\Elements\\Post_Grid\" data-layout=\"grid\" data-page=\"1\" data-args=\"orderby=date&amp;order=desc&amp;ignore_sticky_posts=1&amp;post_status=publish&amp;posts_per_page=3&amp;offset=0&amp;post_type=post&amp;tax_query%5B0%5D%5Btaxonomy%5D=category&amp;tax_query%5B0%5D%5Bfield%5D=term_id&amp;tax_query%5B0%5D%5Bterms%5D%5B0%5D=9&amp;tax_query%5Brelation%5D=AND\" data-max-page=\"26\">\n                    <span class=\"eael-btn-loader button__loader\"><\/span>\n                    <span class=\"eael_load_more_text\">Load More<\/span>\n                <\/button>\n            <\/div>\n            \t\t\t\t<\/div>\n\t\t\t\t<\/div>\n\t\t\t\t\t<\/div>\n\t\t<\/div>\n\t\t\t\t\t<\/div>\n\t\t<\/section>\n\t\t\t\t<section class=\"elementor-section elementor-top-section elementor-element elementor-element-2c62fad elementor-section-boxed elementor-section-height-default elementor-section-height-default\" data-id=\"2c62fad\" data-element_type=\"section\" data-settings=\"{&quot;background_background&quot;:&quot;classic&quot;}\">\n\t\t\t\t\t\t<div class=\"elementor-container elementor-column-gap-default\">\n\t\t\t\t\t<div class=\"elementor-column elementor-col-100 elementor-top-column elementor-element elementor-element-5c78a3e\" data-id=\"5c78a3e\" data-element_type=\"column\">\n\t\t\t<div class=\"elementor-widget-wrap elementor-element-populated\">\n\t\t\t\t\t\t<section class=\"elementor-section elementor-inner-section elementor-element elementor-element-36d3789 elementor-section-content-middle elementor-section-boxed elementor-section-height-default elementor-section-height-default\" data-id=\"36d3789\" data-element_type=\"section\">\n\t\t\t\t\t\t<div class=\"elementor-container elementor-column-gap-no\">\n\t\t\t\t\t<div class=\"elementor-column elementor-col-50 elementor-inner-column elementor-element elementor-element-5f3e411\" data-id=\"5f3e411\" data-element_type=\"column\">\n\t\t\t<div class=\"elementor-widget-wrap elementor-element-populated\">\n\t\t\t\t\t\t<div class=\"elementor-element elementor-element-635af0e elementor-widget__width-auto elementor-view-default elementor-widget elementor-widget-icon\" data-id=\"635af0e\" data-element_type=\"widget\" data-widget_type=\"icon.default\">\n\t\t\t\t<div class=\"elementor-widget-container\">\n\t\t\t\t\t\t\t<div class=\"elementor-icon-wrapper\">\n\t\t\t<div class=\"elementor-icon\">\n\t\t\t<i aria-hidden=\"true\" class=\"far fa-clock\"><\/i>\t\t\t<\/div>\n\t\t<\/div>\n\t\t\t\t\t\t<\/div>\n\t\t\t\t<\/div>\n\t\t\t\t<div class=\"elementor-element elementor-element-0e6e18c elementor-widget__width-auto elementor-widget elementor-widget-heading\" data-id=\"0e6e18c\" data-element_type=\"widget\" data-widget_type=\"heading.default\">\n\t\t\t\t<div class=\"elementor-widget-container\">\n\t\t\t\t\t<h3 class=\"elementor-heading-title elementor-size-default\">\u00daLTIMOS ARTIGOS \/ LATEST ARTICLES:<\/h3>\t\t\t\t<\/div>\n\t\t\t\t<\/div>\n\t\t\t\t\t<\/div>\n\t\t<\/div>\n\t\t\t\t<div class=\"elementor-column elementor-col-50 elementor-inner-column elementor-element elementor-element-49a2963\" data-id=\"49a2963\" data-element_type=\"column\">\n\t\t\t<div class=\"elementor-widget-wrap elementor-element-populated\">\n\t\t\t\t\t\t<div class=\"elementor-element elementor-element-8d99cf9 elementor-align-right elementor-widget elementor-widget-button\" data-id=\"8d99cf9\" data-element_type=\"widget\" data-widget_type=\"button.default\">\n\t\t\t\t<div class=\"elementor-widget-container\">\n\t\t\t\t\t\t\t\t\t<div class=\"elementor-button-wrapper\">\n\t\t\t\t\t<a class=\"elementor-button elementor-button-link elementor-size-xs\" href=\"https:\/\/www.ilabrasil.com.br\/blog\/category\/posts\/\">\n\t\t\t\t\t\t<span class=\"elementor-button-content-wrapper\">\n\t\t\t\t\t\t<span class=\"elementor-button-icon\">\n\t\t\t\t<i aria-hidden=\"true\" class=\"fas fa-plus\"><\/i>\t\t\t<\/span>\n\t\t\t\t\t\t\t\t<\/span>\n\t\t\t\t\t<\/a>\n\t\t\t\t<\/div>\n\t\t\t\t\t\t\t\t<\/div>\n\t\t\t\t<\/div>\n\t\t\t\t\t<\/div>\n\t\t<\/div>\n\t\t\t\t\t<\/div>\n\t\t<\/section>\n\t\t\t\t<div class=\"elementor-element elementor-element-168bc52 elementor-widget-divider--view-line elementor-widget elementor-widget-divider\" data-id=\"168bc52\" data-element_type=\"widget\" data-widget_type=\"divider.default\">\n\t\t\t\t<div class=\"elementor-widget-container\">\n\t\t\t\t\t\t\t<div class=\"elementor-divider\">\n\t\t\t<span class=\"elementor-divider-separator\">\n\t\t\t\t\t\t<\/span>\n\t\t<\/div>\n\t\t\t\t\t\t<\/div>\n\t\t\t\t<\/div>\n\t\t\t\t<div class=\"elementor-element elementor-element-e62bab9 elementor-grid-eael-col-3 elementor-grid-tablet-eael-col-2 elementor-grid-mobile-eael-col-1 elementor-widget elementor-widget-eael-post-grid\" data-id=\"e62bab9\" data-element_type=\"widget\" data-settings=\"{&quot;eael_post_grid_columns&quot;:&quot;eael-col-3&quot;,&quot;eael_post_grid_columns_tablet&quot;:&quot;eael-col-2&quot;,&quot;eael_post_grid_columns_mobile&quot;:&quot;eael-col-1&quot;}\" data-widget_type=\"eael-post-grid.default\">\n\t\t\t\t<div class=\"elementor-widget-container\">\n\t\t\t\t\t<div id=\"eael-post-grid-e62bab9\" class=\"eael-post-grid-container\">\n            <div class=\"eael-post-grid eael-post-appender eael-post-appender-e62bab9 eael-post-grid-style-two\" data-layout-mode=\"grid\"><article class=\"eael-grid-post eael-post-grid-column\" data-id=\"2761\">\n    <div class=\"eael-grid-post-holder\">\n        <div class=\"eael-grid-post-holder-inner\"><div class=\"eael-entry-media\"><ul class=\"post-carousel-categories\"><li><a href=\"https:\/\/ilabrasil.com.br\/blog\/category\/destaque\/\">Destaque<\/a><\/li><\/ul><div class=\"eael-entry-overlay zoom-in\"><i class=\"fab fa-readme\" aria-hidden=\"true\"><\/i><a href=\"https:\/\/ilabrasil.com.br\/blog\/latin-america-and-the-1970-cultural-objects-convention-beyond-the-passivity-of-source-countries\/\"><\/a><\/div><div class=\"eael-entry-thumbnail \">\n                            <img loading=\"lazy\" decoding=\"async\" width=\"300\" height=\"200\" src=\"https:\/\/ilabrasil.com.br\/blog\/wp-content\/uploads\/2026\/04\/Facade-UNESCO-Headquarters-Modernism-Marcel-Breuer-Zehrfuss-Nervi-Xaveer-850x566-1-300x200.jpg\" class=\"attachment-medium size-medium wp-image-2762\" alt=\"\" srcset=\"https:\/\/ilabrasil.com.br\/blog\/wp-content\/uploads\/2026\/04\/Facade-UNESCO-Headquarters-Modernism-Marcel-Breuer-Zehrfuss-Nervi-Xaveer-850x566-1-300x200.jpg 300w, https:\/\/ilabrasil.com.br\/blog\/wp-content\/uploads\/2026\/04\/Facade-UNESCO-Headquarters-Modernism-Marcel-Breuer-Zehrfuss-Nervi-Xaveer-850x566-1-768x511.jpg 768w, https:\/\/ilabrasil.com.br\/blog\/wp-content\/uploads\/2026\/04\/Facade-UNESCO-Headquarters-Modernism-Marcel-Breuer-Zehrfuss-Nervi-Xaveer-850x566-1.jpg 850w\" sizes=\"(max-width: 300px) 85vw, 300px\" \/>\n                            <\/div>\n                    <\/div><div class=\"eael-entry-wrapper\"><header class=\"eael-entry-header\"><h2 class=\"eael-entry-title\"><a class=\"eael-grid-post-link\" href=\"https:\/\/ilabrasil.com.br\/blog\/latin-america-and-the-1970-cultural-objects-convention-beyond-the-passivity-of-source-countries\/\" title=\"Latin America and the 1970 Cultural Objects Convention: Beyond the Passivity of \u201cSource Countries\u201d\">Latin America and the 1970 Cultural Objects Convention: Beyond the Passivity of \u201cSource Countries\u201d<\/a><\/h2><\/header><div class=\"eael-entry-header-after style-two\"><div class=\"eael-entry-meta\"><span class=\"eael-posted-on eael-meta-posted-on\"><i class=\"far fa-clock\"><\/i><time datetime=\"27 de abril de 2026\">27 de abril de 2026<\/time><\/span><\/div><\/div><div class=\"eael-entry-content\">\n                                <div class=\"eael-grid-post-excerpt\"><p>The 1970 UNESCO Convention on the Means of Prohibiting and Preventing the Illicit Import, Export,...<\/p><a href=\"https:\/\/ilabrasil.com.br\/blog\/latin-america-and-the-1970-cultural-objects-convention-beyond-the-passivity-of-source-countries\/\" class=\"eael-post-elements-readmore-btn\">Leia mais \/ Read more<\/a><\/div>\n                            <\/div><\/div><\/div>\n    <\/div>\n<\/article><article class=\"eael-grid-post eael-post-grid-column\" data-id=\"2703\">\n    <div class=\"eael-grid-post-holder\">\n        <div class=\"eael-grid-post-holder-inner\"><div class=\"eael-entry-media\"><ul class=\"post-carousel-categories\"><li><a href=\"https:\/\/ilabrasil.com.br\/blog\/category\/destaque\/\">Destaque<\/a><\/li><\/ul><div class=\"eael-entry-overlay zoom-in\"><i class=\"fab fa-readme\" aria-hidden=\"true\"><\/i><a href=\"https:\/\/ilabrasil.com.br\/blog\/decisaotpitajiquistao\/\"><\/a><\/div><div class=\"eael-entry-thumbnail \">\n                            <img loading=\"lazy\" decoding=\"async\" width=\"300\" height=\"169\" src=\"https:\/\/ilabrasil.com.br\/blog\/wp-content\/uploads\/2024\/03\/ICC-at-20-1-300x169.jpg\" class=\"attachment-medium size-medium wp-image-2347\" alt=\"\" srcset=\"https:\/\/ilabrasil.com.br\/blog\/wp-content\/uploads\/2024\/03\/ICC-at-20-1-300x169.jpg 300w, https:\/\/ilabrasil.com.br\/blog\/wp-content\/uploads\/2024\/03\/ICC-at-20-1-768x432.jpg 768w, https:\/\/ilabrasil.com.br\/blog\/wp-content\/uploads\/2024\/03\/ICC-at-20-1.jpg 870w\" sizes=\"(max-width: 300px) 85vw, 300px\" \/>\n                            <\/div>\n                    <\/div><div class=\"eael-entry-wrapper\"><header class=\"eael-entry-header\"><h2 class=\"eael-entry-title\"><a class=\"eael-grid-post-link\" href=\"https:\/\/ilabrasil.com.br\/blog\/decisaotpitajiquistao\/\" title=\"A (n\u00e3o) imunidade de chefes de Estado diante do TPI: a decis\u00e3o sobre o Tajiquist\u00e3o\">A (n\u00e3o) imunidade de chefes de Estado diante do TPI: a decis\u00e3o sobre o Tajiquist\u00e3o<\/a><\/h2><\/header><div class=\"eael-entry-header-after style-two\"><div class=\"eael-entry-meta\"><span class=\"eael-posted-on eael-meta-posted-on\"><i class=\"far fa-clock\"><\/i><time datetime=\"2 de abril de 2026\">2 de abril de 2026<\/time><\/span><\/div><\/div><div class=\"eael-entry-content\">\n                                <div class=\"eael-grid-post-excerpt\"><p>Mais do que um epis\u00f3dio adicional em uma s\u00e9rie de disputas sobre imunidade de chefes...<\/p><a href=\"https:\/\/ilabrasil.com.br\/blog\/decisaotpitajiquistao\/\" class=\"eael-post-elements-readmore-btn\">Leia mais \/ Read more<\/a><\/div>\n                            <\/div><\/div><\/div>\n    <\/div>\n<\/article><article class=\"eael-grid-post eael-post-grid-column\" data-id=\"2698\">\n    <div class=\"eael-grid-post-holder\">\n        <div class=\"eael-grid-post-holder-inner\"><div class=\"eael-entry-media\"><ul class=\"post-carousel-categories\"><li><a href=\"https:\/\/ilabrasil.com.br\/blog\/category\/destaque\/\">Destaque<\/a><\/li><\/ul><div class=\"eael-entry-overlay zoom-in\"><i class=\"fab fa-readme\" aria-hidden=\"true\"><\/i><a href=\"https:\/\/ilabrasil.com.br\/blog\/o-rio-nao-esta-em-guerra\/\"><\/a><\/div><div class=\"eael-entry-thumbnail \">\n                            <img loading=\"lazy\" decoding=\"async\" width=\"300\" height=\"180\" src=\"https:\/\/ilabrasil.com.br\/blog\/wp-content\/uploads\/2026\/03\/postguerra-300x180.png\" class=\"attachment-medium size-medium wp-image-2699\" alt=\"\" srcset=\"https:\/\/ilabrasil.com.br\/blog\/wp-content\/uploads\/2026\/03\/postguerra-300x180.png 300w, https:\/\/ilabrasil.com.br\/blog\/wp-content\/uploads\/2026\/03\/postguerra.png 640w\" sizes=\"(max-width: 300px) 85vw, 300px\" \/>\n                            <\/div>\n                    <\/div><div class=\"eael-entry-wrapper\"><header class=\"eael-entry-header\"><h2 class=\"eael-entry-title\"><a class=\"eael-grid-post-link\" href=\"https:\/\/ilabrasil.com.br\/blog\/o-rio-nao-esta-em-guerra\/\" title=\"O Rio n\u00e3o est\u00e1 em Guerra!\">O Rio n\u00e3o est\u00e1 em Guerra!<\/a><\/h2><\/header><div class=\"eael-entry-header-after style-two\"><div class=\"eael-entry-meta\"><span class=\"eael-posted-on eael-meta-posted-on\"><i class=\"far fa-clock\"><\/i><time datetime=\"23 de mar\u00e7o de 2026\">23 de mar\u00e7o de 2026<\/time><\/span><\/div><\/div><div class=\"eael-entry-content\">\n                                <div class=\"eael-grid-post-excerpt\"><p>A cada nova opera\u00e7\u00e3o de grande escala, como a Opera\u00e7\u00e3o Conten\u00e7\u00e3o realizada em outubro de...<\/p><a href=\"https:\/\/ilabrasil.com.br\/blog\/o-rio-nao-esta-em-guerra\/\" class=\"eael-post-elements-readmore-btn\">Leia mais \/ Read more<\/a><\/div>\n                            <\/div><\/div><\/div>\n    <\/div>\n<\/article><article class=\"eael-grid-post eael-post-grid-column\" data-id=\"2653\">\n    <div class=\"eael-grid-post-holder\">\n        <div class=\"eael-grid-post-holder-inner\"><div class=\"eael-entry-media\"><ul class=\"post-carousel-categories\"><li><a href=\"https:\/\/ilabrasil.com.br\/blog\/category\/destaque\/\">Destaque<\/a><\/li><\/ul><div class=\"eael-entry-overlay zoom-in\"><i class=\"fab fa-readme\" aria-hidden=\"true\"><\/i><a href=\"https:\/\/ilabrasil.com.br\/blog\/a-suprema-corte-freia-o-tarifaco-de-trump-o-que-muda-na-politica-comercial-americana\/\"><\/a><\/div><div class=\"eael-entry-thumbnail \">\n                            <img loading=\"lazy\" decoding=\"async\" width=\"300\" height=\"200\" src=\"https:\/\/ilabrasil.com.br\/blog\/wp-content\/uploads\/2026\/02\/u-s-supreme-court-88698-300x200.jpg\" class=\"attachment-medium size-medium wp-image-2654\" alt=\"\" srcset=\"https:\/\/ilabrasil.com.br\/blog\/wp-content\/uploads\/2026\/02\/u-s-supreme-court-88698-300x200.jpg 300w, https:\/\/ilabrasil.com.br\/blog\/wp-content\/uploads\/2026\/02\/u-s-supreme-court-88698-1024x683.jpg 1024w, https:\/\/ilabrasil.com.br\/blog\/wp-content\/uploads\/2026\/02\/u-s-supreme-court-88698-768x512.jpg 768w, https:\/\/ilabrasil.com.br\/blog\/wp-content\/uploads\/2026\/02\/u-s-supreme-court-88698-1536x1024.jpg 1536w, https:\/\/ilabrasil.com.br\/blog\/wp-content\/uploads\/2026\/02\/u-s-supreme-court-88698-2048x1366.jpg 2048w, https:\/\/ilabrasil.com.br\/blog\/wp-content\/uploads\/2026\/02\/u-s-supreme-court-88698-1200x800.jpg 1200w\" sizes=\"(max-width: 300px) 85vw, 300px\" \/>\n                            <\/div>\n                    <\/div><div class=\"eael-entry-wrapper\"><header class=\"eael-entry-header\"><h2 class=\"eael-entry-title\"><a class=\"eael-grid-post-link\" href=\"https:\/\/ilabrasil.com.br\/blog\/a-suprema-corte-freia-o-tarifaco-de-trump-o-que-muda-na-politica-comercial-americana\/\" title=\"A Suprema Corte freia o \u201ctarifa\u00e7o\u201d de Trump: o que muda na pol\u00edtica comercial americana?\">A Suprema Corte freia o \u201ctarifa\u00e7o\u201d de Trump: o que muda na pol\u00edtica comercial americana?<\/a><\/h2><\/header><div class=\"eael-entry-header-after style-two\"><div class=\"eael-entry-meta\"><span class=\"eael-posted-on eael-meta-posted-on\"><i class=\"far fa-clock\"><\/i><time datetime=\"23 de fevereiro de 2026\">23 de fevereiro de 2026<\/time><\/span><\/div><\/div><div class=\"eael-entry-content\">\n                                <div class=\"eael-grid-post-excerpt\"><p>No dia 20 de fevereiro de 2026, a Suprema Corte dos Estados Unidos (SCOTUS), por...<\/p><a href=\"https:\/\/ilabrasil.com.br\/blog\/a-suprema-corte-freia-o-tarifaco-de-trump-o-que-muda-na-politica-comercial-americana\/\" class=\"eael-post-elements-readmore-btn\">Leia mais \/ Read more<\/a><\/div>\n                            <\/div><\/div><\/div>\n    <\/div>\n<\/article><article class=\"eael-grid-post eael-post-grid-column\" data-id=\"2643\">\n    <div class=\"eael-grid-post-holder\">\n        <div class=\"eael-grid-post-holder-inner\"><div class=\"eael-entry-media\"><ul class=\"post-carousel-categories\"><li><a href=\"https:\/\/ilabrasil.com.br\/blog\/category\/destaque\/\">Destaque<\/a><\/li><\/ul><div class=\"eael-entry-overlay zoom-in\"><i class=\"fab fa-readme\" aria-hidden=\"true\"><\/i><a href=\"https:\/\/ilabrasil.com.br\/blog\/genero-sem-belem-do-para-a-protecao-dos-direitos-das-mulheres-no-caso-dos-santos-nascimento-e-ferreira-gomes-vs-brasil\/\"><\/a><\/div><div class=\"eael-entry-thumbnail \">\n                            <img loading=\"lazy\" decoding=\"async\" width=\"300\" height=\"169\" src=\"https:\/\/ilabrasil.com.br\/blog\/wp-content\/uploads\/2026\/01\/gisele_1920x1080-300x169.jpg\" class=\"attachment-medium size-medium wp-image-2644\" alt=\"\" srcset=\"https:\/\/ilabrasil.com.br\/blog\/wp-content\/uploads\/2026\/01\/gisele_1920x1080-300x169.jpg 300w, https:\/\/ilabrasil.com.br\/blog\/wp-content\/uploads\/2026\/01\/gisele_1920x1080-1024x576.jpg 1024w, https:\/\/ilabrasil.com.br\/blog\/wp-content\/uploads\/2026\/01\/gisele_1920x1080-768x432.jpg 768w, https:\/\/ilabrasil.com.br\/blog\/wp-content\/uploads\/2026\/01\/gisele_1920x1080-1536x864.jpg 1536w, https:\/\/ilabrasil.com.br\/blog\/wp-content\/uploads\/2026\/01\/gisele_1920x1080-1200x675.jpg 1200w, https:\/\/ilabrasil.com.br\/blog\/wp-content\/uploads\/2026\/01\/gisele_1920x1080.jpg 1920w\" sizes=\"(max-width: 300px) 85vw, 300px\" \/>\n                            <\/div>\n                    <\/div><div class=\"eael-entry-wrapper\"><header class=\"eael-entry-header\"><h2 class=\"eael-entry-title\"><a class=\"eael-grid-post-link\" href=\"https:\/\/ilabrasil.com.br\/blog\/genero-sem-belem-do-para-a-protecao-dos-direitos-das-mulheres-no-caso-dos-santos-nascimento-e-ferreira-gomes-vs-brasil\/\" title=\"G\u00eanero sem Bel\u00e9m do Par\u00e1? A prote\u00e7\u00e3o dos direitos das mulheres no caso Dos Santos Nascimento e Ferreira Gomes vs. Brasil\">G\u00eanero sem Bel\u00e9m do Par\u00e1? A prote\u00e7\u00e3o dos direitos das mulheres no caso Dos Santos Nascimento e Ferreira Gomes vs. Brasil<\/a><\/h2><\/header><div class=\"eael-entry-header-after style-two\"><div class=\"eael-entry-meta\"><span class=\"eael-posted-on eael-meta-posted-on\"><i class=\"far fa-clock\"><\/i><time datetime=\"21 de janeiro de 2026\">21 de janeiro de 2026<\/time><\/span><\/div><\/div><div class=\"eael-entry-content\">\n                                <div class=\"eael-grid-post-excerpt\"><p>Em outubro de 2024, a Corte Interamericana publicou sua senten\u00e7a sobre o caso Dos Santos...<\/p><a href=\"https:\/\/ilabrasil.com.br\/blog\/genero-sem-belem-do-para-a-protecao-dos-direitos-das-mulheres-no-caso-dos-santos-nascimento-e-ferreira-gomes-vs-brasil\/\" class=\"eael-post-elements-readmore-btn\">Leia mais \/ Read more<\/a><\/div>\n                            <\/div><\/div><\/div>\n    <\/div>\n<\/article><article class=\"eael-grid-post eael-post-grid-column\" data-id=\"2635\">\n    <div class=\"eael-grid-post-holder\">\n        <div class=\"eael-grid-post-holder-inner\"><div class=\"eael-entry-media\"><ul class=\"post-carousel-categories\"><li><a href=\"https:\/\/ilabrasil.com.br\/blog\/category\/destaque\/\">Destaque<\/a><\/li><\/ul><div class=\"eael-entry-overlay zoom-in\"><i class=\"fab fa-readme\" aria-hidden=\"true\"><\/i><a href=\"https:\/\/ilabrasil.com.br\/blog\/ainda-estamos-aqui-o-caso-leite-peres-crispim-e-outros-vs-brasil\/\"><\/a><\/div><div class=\"eael-entry-thumbnail \">\n                            <img loading=\"lazy\" decoding=\"async\" width=\"300\" height=\"169\" src=\"https:\/\/ilabrasil.com.br\/blog\/wp-content\/uploads\/2026\/01\/denise-peres-crispim_1920x1080-300x169.jpg\" class=\"attachment-medium size-medium wp-image-2636\" alt=\"\" srcset=\"https:\/\/ilabrasil.com.br\/blog\/wp-content\/uploads\/2026\/01\/denise-peres-crispim_1920x1080-300x169.jpg 300w, https:\/\/ilabrasil.com.br\/blog\/wp-content\/uploads\/2026\/01\/denise-peres-crispim_1920x1080-1024x576.jpg 1024w, https:\/\/ilabrasil.com.br\/blog\/wp-content\/uploads\/2026\/01\/denise-peres-crispim_1920x1080-768x432.jpg 768w, https:\/\/ilabrasil.com.br\/blog\/wp-content\/uploads\/2026\/01\/denise-peres-crispim_1920x1080-1536x864.jpg 1536w, https:\/\/ilabrasil.com.br\/blog\/wp-content\/uploads\/2026\/01\/denise-peres-crispim_1920x1080-1200x675.jpg 1200w, https:\/\/ilabrasil.com.br\/blog\/wp-content\/uploads\/2026\/01\/denise-peres-crispim_1920x1080.jpg 1920w\" sizes=\"(max-width: 300px) 85vw, 300px\" \/>\n                            <\/div>\n                    <\/div><div class=\"eael-entry-wrapper\"><header class=\"eael-entry-header\"><h2 class=\"eael-entry-title\"><a class=\"eael-grid-post-link\" href=\"https:\/\/ilabrasil.com.br\/blog\/ainda-estamos-aqui-o-caso-leite-peres-crispim-e-outros-vs-brasil\/\" title=\"Ainda Estamos Aqui: o caso Leite, Peres Crispim e outros vs. Brasil e a repara\u00e7\u00e3o de v\u00edtimas da ditadura\">Ainda Estamos Aqui: o caso Leite, Peres Crispim e outros vs. Brasil e a repara\u00e7\u00e3o de v\u00edtimas da ditadura<\/a><\/h2><\/header><div class=\"eael-entry-header-after style-two\"><div class=\"eael-entry-meta\"><span class=\"eael-posted-on eael-meta-posted-on\"><i class=\"far fa-clock\"><\/i><time datetime=\"10 de janeiro de 2026\">10 de janeiro de 2026<\/time><\/span><\/div><\/div><div class=\"eael-entry-content\">\n                                <div class=\"eael-grid-post-excerpt\"><p>Em dezembro de 2025 a Corte Interamericana de Direitos Humanos notificou o pa\u00eds de sua...<\/p><a href=\"https:\/\/ilabrasil.com.br\/blog\/ainda-estamos-aqui-o-caso-leite-peres-crispim-e-outros-vs-brasil\/\" class=\"eael-post-elements-readmore-btn\">Leia mais \/ Read more<\/a><\/div>\n                            <\/div><\/div><\/div>\n    <\/div>\n<\/article><\/div>\n            <div class=\"clearfix\"><\/div>\n        <\/div>            <div class=\"eael-load-more-button-wrap eael-force-hide\">\n                <button class=\"eael-load-more-button\" id=\"eael-load-more-btn-e62bab9\" data-widget-id=\"e62bab9\" data-widget=\"e62bab9\" data-page-id=\"82\" data-template=\"{&quot;dir&quot;:&quot;lite&quot;,&quot;file_name&quot;:&quot;two.php&quot;,&quot;name&quot;:&quot;Post-Grid&quot;}\" data-class=\"Essential_Addons_Elementor\\Elements\\Post_Grid\" data-layout=\"grid\" data-page=\"1\" data-args=\"orderby=date&amp;order=desc&amp;ignore_sticky_posts=1&amp;post_status=publish&amp;posts_per_page=6&amp;offset=0&amp;post_type=post&amp;tax_query%5B0%5D%5Btaxonomy%5D=category&amp;tax_query%5B0%5D%5Bfield%5D=term_id&amp;tax_query%5B0%5D%5Bterms%5D%5B0%5D=4&amp;tax_query%5Brelation%5D=AND\" data-max-page=\"26\">\n                    <span class=\"eael-btn-loader button__loader\"><\/span>\n                    <span class=\"eael_load_more_text\">Load More<\/span>\n                <\/button>\n            <\/div>\n            \t\t\t\t<\/div>\n\t\t\t\t<\/div>\n\t\t\t\t\t<\/div>\n\t\t<\/div>\n\t\t\t\t\t<\/div>\n\t\t<\/section>\n\t\t\t\t<section class=\"elementor-section elementor-top-section elementor-element elementor-element-a133001 elementor-section-boxed elementor-section-height-default elementor-section-height-default\" data-id=\"a133001\" data-element_type=\"section\" data-settings=\"{&quot;background_background&quot;:&quot;classic&quot;}\">\n\t\t\t\t\t\t<div class=\"elementor-container elementor-column-gap-default\">\n\t\t\t\t\t<div class=\"elementor-column elementor-col-100 elementor-top-column elementor-element elementor-element-949acef\" data-id=\"949acef\" data-element_type=\"column\">\n\t\t\t<div class=\"elementor-widget-wrap elementor-element-populated\">\n\t\t\t\t\t\t<section class=\"elementor-section elementor-inner-section elementor-element elementor-element-ae66eca elementor-section-content-middle elementor-section-boxed elementor-section-height-default elementor-section-height-default\" data-id=\"ae66eca\" data-element_type=\"section\">\n\t\t\t\t\t\t<div class=\"elementor-container elementor-column-gap-no\">\n\t\t\t\t\t<div class=\"elementor-column elementor-col-50 elementor-inner-column elementor-element elementor-element-9b036bb\" data-id=\"9b036bb\" data-element_type=\"column\">\n\t\t\t<div class=\"elementor-widget-wrap elementor-element-populated\">\n\t\t\t\t\t\t<div class=\"elementor-element elementor-element-761e5c8 elementor-widget__width-auto elementor-view-default elementor-widget elementor-widget-icon\" data-id=\"761e5c8\" data-element_type=\"widget\" data-widget_type=\"icon.default\">\n\t\t\t\t<div class=\"elementor-widget-container\">\n\t\t\t\t\t\t\t<div class=\"elementor-icon-wrapper\">\n\t\t\t<div class=\"elementor-icon\">\n\t\t\t<i aria-hidden=\"true\" class=\"fas fa-book\"><\/i>\t\t\t<\/div>\n\t\t<\/div>\n\t\t\t\t\t\t<\/div>\n\t\t\t\t<\/div>\n\t\t\t\t<div class=\"elementor-element elementor-element-6dd9750 elementor-widget__width-auto elementor-widget elementor-widget-heading\" data-id=\"6dd9750\" data-element_type=\"widget\" data-widget_type=\"heading.default\">\n\t\t\t\t<div class=\"elementor-widget-container\">\n\t\t\t\t\t<h3 class=\"elementor-heading-title elementor-size-default\">SIMP\u00d3SIOS DE LIVROS \/ BOOK SYMPOSIA: <\/h3>\t\t\t\t<\/div>\n\t\t\t\t<\/div>\n\t\t\t\t\t<\/div>\n\t\t<\/div>\n\t\t\t\t<div class=\"elementor-column elementor-col-50 elementor-inner-column elementor-element elementor-element-506ee09\" data-id=\"506ee09\" data-element_type=\"column\">\n\t\t\t<div class=\"elementor-widget-wrap elementor-element-populated\">\n\t\t\t\t\t\t<div class=\"elementor-element elementor-element-9834f14 elementor-align-right elementor-widget elementor-widget-button\" data-id=\"9834f14\" data-element_type=\"widget\" data-widget_type=\"button.default\">\n\t\t\t\t<div class=\"elementor-widget-container\">\n\t\t\t\t\t\t\t\t\t<div class=\"elementor-button-wrapper\">\n\t\t\t\t\t<a class=\"elementor-button elementor-button-link elementor-size-xs\" href=\"https:\/\/www.ilabrasil.com.br\/blog\/category\/book-symposia\/\">\n\t\t\t\t\t\t<span class=\"elementor-button-content-wrapper\">\n\t\t\t\t\t\t<span class=\"elementor-button-icon\">\n\t\t\t\t<i aria-hidden=\"true\" class=\"fas fa-plus\"><\/i>\t\t\t<\/span>\n\t\t\t\t\t\t\t\t<\/span>\n\t\t\t\t\t<\/a>\n\t\t\t\t<\/div>\n\t\t\t\t\t\t\t\t<\/div>\n\t\t\t\t<\/div>\n\t\t\t\t\t<\/div>\n\t\t<\/div>\n\t\t\t\t\t<\/div>\n\t\t<\/section>\n\t\t\t\t<div class=\"elementor-element elementor-element-c8496a1 elementor-widget-divider--view-line elementor-widget elementor-widget-divider\" data-id=\"c8496a1\" data-element_type=\"widget\" data-widget_type=\"divider.default\">\n\t\t\t\t<div class=\"elementor-widget-container\">\n\t\t\t\t\t\t\t<div class=\"elementor-divider\">\n\t\t\t<span class=\"elementor-divider-separator\">\n\t\t\t\t\t\t<\/span>\n\t\t<\/div>\n\t\t\t\t\t\t<\/div>\n\t\t\t\t<\/div>\n\t\t\t\t<div class=\"elementor-element elementor-element-9a4881b elementor-grid-eael-col-3 elementor-grid-tablet-eael-col-2 elementor-grid-mobile-eael-col-1 elementor-widget elementor-widget-eael-post-grid\" data-id=\"9a4881b\" data-element_type=\"widget\" data-settings=\"{&quot;eael_post_grid_columns&quot;:&quot;eael-col-3&quot;,&quot;eael_post_grid_columns_tablet&quot;:&quot;eael-col-2&quot;,&quot;eael_post_grid_columns_mobile&quot;:&quot;eael-col-1&quot;}\" data-widget_type=\"eael-post-grid.default\">\n\t\t\t\t<div class=\"elementor-widget-container\">\n\t\t\t\t\t<div id=\"eael-post-grid-9a4881b\" class=\"eael-post-grid-container\">\n            <div class=\"eael-post-grid eael-post-appender eael-post-appender-9a4881b eael-post-grid-style-two\" data-layout-mode=\"grid\"><article class=\"eael-grid-post eael-post-grid-column\" data-id=\"2568\">\n    <div class=\"eael-grid-post-holder\">\n        <div class=\"eael-grid-post-holder-inner\"><div class=\"eael-entry-media\"><div class=\"eael-entry-overlay zoom-in\"><i class=\"fab fa-readme\" aria-hidden=\"true\"><\/i><a href=\"https:\/\/ilabrasil.com.br\/blog\/trade-and-gender-without-barriers\/\"><\/a><\/div><div class=\"eael-entry-thumbnail \">\n                            <img loading=\"lazy\" decoding=\"async\" width=\"300\" height=\"169\" src=\"https:\/\/ilabrasil.com.br\/blog\/wp-content\/uploads\/2025\/10\/Book-Symposium-n.-18-Cover-2-1-300x169.png\" class=\"attachment-medium size-medium wp-image-2571\" alt=\"\" srcset=\"https:\/\/ilabrasil.com.br\/blog\/wp-content\/uploads\/2025\/10\/Book-Symposium-n.-18-Cover-2-1-300x169.png 300w, https:\/\/ilabrasil.com.br\/blog\/wp-content\/uploads\/2025\/10\/Book-Symposium-n.-18-Cover-2-1-1024x576.png 1024w, https:\/\/ilabrasil.com.br\/blog\/wp-content\/uploads\/2025\/10\/Book-Symposium-n.-18-Cover-2-1-768x432.png 768w, https:\/\/ilabrasil.com.br\/blog\/wp-content\/uploads\/2025\/10\/Book-Symposium-n.-18-Cover-2-1-1536x864.png 1536w, https:\/\/ilabrasil.com.br\/blog\/wp-content\/uploads\/2025\/10\/Book-Symposium-n.-18-Cover-2-1-1200x675.png 1200w, https:\/\/ilabrasil.com.br\/blog\/wp-content\/uploads\/2025\/10\/Book-Symposium-n.-18-Cover-2-1.png 1920w\" sizes=\"(max-width: 300px) 85vw, 300px\" \/>\n                            <\/div>\n                    <\/div><div class=\"eael-entry-wrapper\"><header class=\"eael-entry-header\"><h2 class=\"eael-entry-title\"><a class=\"eael-grid-post-link\" href=\"https:\/\/ilabrasil.com.br\/blog\/trade-and-gender-without-barriers\/\" title=\"Trade and Gender without Barriers\">Trade and Gender without Barriers<\/a><\/h2><\/header><div class=\"eael-entry-header-after style-two\"><div class=\"eael-entry-meta\"><span class=\"eael-posted-on eael-meta-posted-on\"><i class=\"far fa-clock\"><\/i><time datetime=\"22 de outubro de 2025\">22 de outubro de 2025<\/time><\/span><\/div><\/div><div class=\"eael-entry-content\">\n                                <div class=\"eael-grid-post-excerpt\"><p>Review of Trade Agreements and Women (Oxford University Press, 2025) by Amrita...<\/p><a href=\"https:\/\/ilabrasil.com.br\/blog\/trade-and-gender-without-barriers\/\" class=\"eael-post-elements-readmore-btn\">Leia mais \/ Read more<\/a><\/div>\n                            <\/div><\/div><\/div>\n    <\/div>\n<\/article><article class=\"eael-grid-post eael-post-grid-column\" data-id=\"2558\">\n    <div class=\"eael-grid-post-holder\">\n        <div class=\"eael-grid-post-holder-inner\"><div class=\"eael-entry-media\"><div class=\"eael-entry-overlay zoom-in\"><i class=\"fab fa-readme\" aria-hidden=\"true\"><\/i><a href=\"https:\/\/ilabrasil.com.br\/blog\/comercio-e-genero-sem-barreiras\/\"><\/a><\/div><div class=\"eael-entry-thumbnail \">\n                            <img loading=\"lazy\" decoding=\"async\" width=\"300\" height=\"169\" src=\"https:\/\/ilabrasil.com.br\/blog\/wp-content\/uploads\/2025\/10\/Book-Symposium-n.-18-Cover-2-1-300x169.png\" class=\"attachment-medium size-medium wp-image-2571\" alt=\"\" srcset=\"https:\/\/ilabrasil.com.br\/blog\/wp-content\/uploads\/2025\/10\/Book-Symposium-n.-18-Cover-2-1-300x169.png 300w, https:\/\/ilabrasil.com.br\/blog\/wp-content\/uploads\/2025\/10\/Book-Symposium-n.-18-Cover-2-1-1024x576.png 1024w, https:\/\/ilabrasil.com.br\/blog\/wp-content\/uploads\/2025\/10\/Book-Symposium-n.-18-Cover-2-1-768x432.png 768w, https:\/\/ilabrasil.com.br\/blog\/wp-content\/uploads\/2025\/10\/Book-Symposium-n.-18-Cover-2-1-1536x864.png 1536w, https:\/\/ilabrasil.com.br\/blog\/wp-content\/uploads\/2025\/10\/Book-Symposium-n.-18-Cover-2-1-1200x675.png 1200w, https:\/\/ilabrasil.com.br\/blog\/wp-content\/uploads\/2025\/10\/Book-Symposium-n.-18-Cover-2-1.png 1920w\" sizes=\"(max-width: 300px) 85vw, 300px\" \/>\n                            <\/div>\n                    <\/div><div class=\"eael-entry-wrapper\"><header class=\"eael-entry-header\"><h2 class=\"eael-entry-title\"><a class=\"eael-grid-post-link\" href=\"https:\/\/ilabrasil.com.br\/blog\/comercio-e-genero-sem-barreiras\/\" title=\"Com\u00e9rcio e G\u00eanero sem Barreiras\">Com\u00e9rcio e G\u00eanero sem Barreiras<\/a><\/h2><\/header><div class=\"eael-entry-header-after style-two\"><div class=\"eael-entry-meta\"><span class=\"eael-posted-on eael-meta-posted-on\"><i class=\"far fa-clock\"><\/i><time datetime=\"22 de outubro de 2025\">22 de outubro de 2025<\/time><\/span><\/div><\/div><div class=\"eael-entry-content\">\n                                <div class=\"eael-grid-post-excerpt\"><p>Resenha do livro BAHRI, Amrita, Trade Agreements and Women: Transcending Barriers (Oxford...<\/p><a href=\"https:\/\/ilabrasil.com.br\/blog\/comercio-e-genero-sem-barreiras\/\" class=\"eael-post-elements-readmore-btn\">Leia mais \/ Read more<\/a><\/div>\n                            <\/div><\/div><\/div>\n    <\/div>\n<\/article><article class=\"eael-grid-post eael-post-grid-column\" data-id=\"2443\">\n    <div class=\"eael-grid-post-holder\">\n        <div class=\"eael-grid-post-holder-inner\"><div class=\"eael-entry-media\"><div class=\"eael-entry-overlay zoom-in\"><i class=\"fab fa-readme\" aria-hidden=\"true\"><\/i><a href=\"https:\/\/ilabrasil.com.br\/blog\/global-standards-local-applications\/\"><\/a><\/div><div class=\"eael-entry-thumbnail \">\n                            <img loading=\"lazy\" decoding=\"async\" width=\"300\" height=\"169\" src=\"https:\/\/ilabrasil.com.br\/blog\/wp-content\/uploads\/2024\/09\/Book-Symp-17-1-1-300x169.png\" class=\"attachment-medium size-medium wp-image-2448\" alt=\"\" srcset=\"https:\/\/ilabrasil.com.br\/blog\/wp-content\/uploads\/2024\/09\/Book-Symp-17-1-1-300x169.png 300w, https:\/\/ilabrasil.com.br\/blog\/wp-content\/uploads\/2024\/09\/Book-Symp-17-1-1-1024x576.png 1024w, https:\/\/ilabrasil.com.br\/blog\/wp-content\/uploads\/2024\/09\/Book-Symp-17-1-1-768x432.png 768w, https:\/\/ilabrasil.com.br\/blog\/wp-content\/uploads\/2024\/09\/Book-Symp-17-1-1-1536x864.png 1536w, https:\/\/ilabrasil.com.br\/blog\/wp-content\/uploads\/2024\/09\/Book-Symp-17-1-1-1200x675.png 1200w, https:\/\/ilabrasil.com.br\/blog\/wp-content\/uploads\/2024\/09\/Book-Symp-17-1-1.png 1920w\" sizes=\"(max-width: 300px) 85vw, 300px\" \/>\n                            <\/div>\n                    <\/div><div class=\"eael-entry-wrapper\"><header class=\"eael-entry-header\"><h2 class=\"eael-entry-title\"><a class=\"eael-grid-post-link\" href=\"https:\/\/ilabrasil.com.br\/blog\/global-standards-local-applications\/\" title=\"Global Standards, Local Applications\">Global Standards, Local Applications<\/a><\/h2><\/header><div class=\"eael-entry-header-after style-two\"><div class=\"eael-entry-meta\"><span class=\"eael-posted-on eael-meta-posted-on\"><i class=\"far fa-clock\"><\/i><time datetime=\"23 de setembro de 2024\">23 de setembro de 2024<\/time><\/span><\/div><\/div><div class=\"eael-entry-content\">\n                                <div class=\"eael-grid-post-excerpt\"><p>&#8220;International Law of Human Rights,&#8221; stands out as a comprehensive exploration of...<\/p><a href=\"https:\/\/ilabrasil.com.br\/blog\/global-standards-local-applications\/\" class=\"eael-post-elements-readmore-btn\">Leia mais \/ Read more<\/a><\/div>\n                            <\/div><\/div><\/div>\n    <\/div>\n<\/article><article class=\"eael-grid-post eael-post-grid-column\" data-id=\"2439\">\n    <div class=\"eael-grid-post-holder\">\n        <div class=\"eael-grid-post-holder-inner\"><div class=\"eael-entry-media\"><div class=\"eael-entry-overlay zoom-in\"><i class=\"fab fa-readme\" aria-hidden=\"true\"><\/i><a href=\"https:\/\/ilabrasil.com.br\/blog\/a-wide-panorama-of-a-critical-view-on-human-rights\/\"><\/a><\/div><div class=\"eael-entry-thumbnail \">\n                            <img loading=\"lazy\" decoding=\"async\" width=\"300\" height=\"169\" src=\"https:\/\/ilabrasil.com.br\/blog\/wp-content\/uploads\/2024\/09\/Book-Symp-17-2-300x169.png\" class=\"attachment-medium size-medium wp-image-2441\" alt=\"\" srcset=\"https:\/\/ilabrasil.com.br\/blog\/wp-content\/uploads\/2024\/09\/Book-Symp-17-2-300x169.png 300w, https:\/\/ilabrasil.com.br\/blog\/wp-content\/uploads\/2024\/09\/Book-Symp-17-2-1024x576.png 1024w, https:\/\/ilabrasil.com.br\/blog\/wp-content\/uploads\/2024\/09\/Book-Symp-17-2-768x432.png 768w, https:\/\/ilabrasil.com.br\/blog\/wp-content\/uploads\/2024\/09\/Book-Symp-17-2-1536x864.png 1536w, https:\/\/ilabrasil.com.br\/blog\/wp-content\/uploads\/2024\/09\/Book-Symp-17-2-1200x675.png 1200w, https:\/\/ilabrasil.com.br\/blog\/wp-content\/uploads\/2024\/09\/Book-Symp-17-2.png 1920w\" sizes=\"(max-width: 300px) 85vw, 300px\" \/>\n                            <\/div>\n                    <\/div><div class=\"eael-entry-wrapper\"><header class=\"eael-entry-header\"><h2 class=\"eael-entry-title\"><a class=\"eael-grid-post-link\" href=\"https:\/\/ilabrasil.com.br\/blog\/a-wide-panorama-of-a-critical-view-on-human-rights\/\" title=\"A Wide Panorama of a Critical View on Human Rights\">A Wide Panorama of a Critical View on Human Rights<\/a><\/h2><\/header><div class=\"eael-entry-header-after style-two\"><div class=\"eael-entry-meta\"><span class=\"eael-posted-on eael-meta-posted-on\"><i class=\"far fa-clock\"><\/i><time datetime=\"23 de setembro de 2024\">23 de setembro de 2024<\/time><\/span><\/div><\/div><div class=\"eael-entry-content\">\n                                <div class=\"eael-grid-post-excerpt\"><p>Judge Ant\u00f4nio Augusto Can\u00e7ado Trindade is often thought of as royalty when...<\/p><a href=\"https:\/\/ilabrasil.com.br\/blog\/a-wide-panorama-of-a-critical-view-on-human-rights\/\" class=\"eael-post-elements-readmore-btn\">Leia mais \/ Read more<\/a><\/div>\n                            <\/div><\/div><\/div>\n    <\/div>\n<\/article><article class=\"eael-grid-post eael-post-grid-column\" data-id=\"2434\">\n    <div class=\"eael-grid-post-holder\">\n        <div class=\"eael-grid-post-holder-inner\"><div class=\"eael-entry-media\"><div class=\"eael-entry-overlay zoom-in\"><i class=\"fab fa-readme\" aria-hidden=\"true\"><\/i><a href=\"https:\/\/ilabrasil.com.br\/blog\/una-gloria-para-la-ensenanza-y-aplicacion-del-derecho-internacional-de-los-derechos-humanos\/\"><\/a><\/div><div class=\"eael-entry-thumbnail \">\n                            <img loading=\"lazy\" decoding=\"async\" width=\"300\" height=\"169\" src=\"https:\/\/ilabrasil.com.br\/blog\/wp-content\/uploads\/2024\/09\/Book-Symp-17-3-300x169.png\" class=\"attachment-medium size-medium wp-image-2436\" alt=\"\" srcset=\"https:\/\/ilabrasil.com.br\/blog\/wp-content\/uploads\/2024\/09\/Book-Symp-17-3-300x169.png 300w, https:\/\/ilabrasil.com.br\/blog\/wp-content\/uploads\/2024\/09\/Book-Symp-17-3-1024x576.png 1024w, https:\/\/ilabrasil.com.br\/blog\/wp-content\/uploads\/2024\/09\/Book-Symp-17-3-768x432.png 768w, https:\/\/ilabrasil.com.br\/blog\/wp-content\/uploads\/2024\/09\/Book-Symp-17-3-1536x864.png 1536w, https:\/\/ilabrasil.com.br\/blog\/wp-content\/uploads\/2024\/09\/Book-Symp-17-3-1200x675.png 1200w, https:\/\/ilabrasil.com.br\/blog\/wp-content\/uploads\/2024\/09\/Book-Symp-17-3.png 1920w\" sizes=\"(max-width: 300px) 85vw, 300px\" \/>\n                            <\/div>\n                    <\/div><div class=\"eael-entry-wrapper\"><header class=\"eael-entry-header\"><h2 class=\"eael-entry-title\"><a class=\"eael-grid-post-link\" href=\"https:\/\/ilabrasil.com.br\/blog\/una-gloria-para-la-ensenanza-y-aplicacion-del-derecho-internacional-de-los-derechos-humanos\/\" title=\"Una gloria para la ense\u00f1anza y aplicaci\u00f3n del derecho internacional de los derechos humanos\">Una gloria para la ense\u00f1anza y aplicaci\u00f3n del derecho internacional de los derechos humanos<\/a><\/h2><\/header><div class=\"eael-entry-header-after style-two\"><div class=\"eael-entry-meta\"><span class=\"eael-posted-on eael-meta-posted-on\"><i class=\"far fa-clock\"><\/i><time datetime=\"23 de setembro de 2024\">23 de setembro de 2024<\/time><\/span><\/div><\/div><div class=\"eael-entry-content\">\n                                <div class=\"eael-grid-post-excerpt\"><p>Quisiera comenzar por afirmar enf\u00e1ticamente que el libro es el para\u00edso para...<\/p><a href=\"https:\/\/ilabrasil.com.br\/blog\/una-gloria-para-la-ensenanza-y-aplicacion-del-derecho-internacional-de-los-derechos-humanos\/\" class=\"eael-post-elements-readmore-btn\">Leia mais \/ Read more<\/a><\/div>\n                            <\/div><\/div><\/div>\n    <\/div>\n<\/article><article class=\"eael-grid-post eael-post-grid-column\" data-id=\"2428\">\n    <div class=\"eael-grid-post-holder\">\n        <div class=\"eael-grid-post-holder-inner\"><div class=\"eael-entry-media\"><div class=\"eael-entry-overlay zoom-in\"><i class=\"fab fa-readme\" aria-hidden=\"true\"><\/i><a href=\"https:\/\/ilabrasil.com.br\/blog\/a-dichotomy-a-criticism-and-the-critiques-on-human-rights\/\"><\/a><\/div><div class=\"eael-entry-thumbnail \">\n                            <img loading=\"lazy\" decoding=\"async\" width=\"300\" height=\"169\" src=\"https:\/\/ilabrasil.com.br\/blog\/wp-content\/uploads\/2024\/09\/Copia-de-Copia-de-Book-Symposium-n.-11-Cover-300x169.png\" class=\"attachment-medium size-medium wp-image-2453\" alt=\"\" srcset=\"https:\/\/ilabrasil.com.br\/blog\/wp-content\/uploads\/2024\/09\/Copia-de-Copia-de-Book-Symposium-n.-11-Cover-300x169.png 300w, https:\/\/ilabrasil.com.br\/blog\/wp-content\/uploads\/2024\/09\/Copia-de-Copia-de-Book-Symposium-n.-11-Cover-1024x576.png 1024w, https:\/\/ilabrasil.com.br\/blog\/wp-content\/uploads\/2024\/09\/Copia-de-Copia-de-Book-Symposium-n.-11-Cover-768x432.png 768w, https:\/\/ilabrasil.com.br\/blog\/wp-content\/uploads\/2024\/09\/Copia-de-Copia-de-Book-Symposium-n.-11-Cover-1536x864.png 1536w, https:\/\/ilabrasil.com.br\/blog\/wp-content\/uploads\/2024\/09\/Copia-de-Copia-de-Book-Symposium-n.-11-Cover-1200x675.png 1200w, https:\/\/ilabrasil.com.br\/blog\/wp-content\/uploads\/2024\/09\/Copia-de-Copia-de-Book-Symposium-n.-11-Cover.png 1920w\" sizes=\"(max-width: 300px) 85vw, 300px\" \/>\n                            <\/div>\n                    <\/div><div class=\"eael-entry-wrapper\"><header class=\"eael-entry-header\"><h2 class=\"eael-entry-title\"><a class=\"eael-grid-post-link\" href=\"https:\/\/ilabrasil.com.br\/blog\/a-dichotomy-a-criticism-and-the-critiques-on-human-rights\/\" title=\"A dichotomy, a criticism and the critiques on human rights\u00a0\">A dichotomy, a criticism and the critiques on human rights\u00a0<\/a><\/h2><\/header><div class=\"eael-entry-header-after style-two\"><div class=\"eael-entry-meta\"><span class=\"eael-posted-on eael-meta-posted-on\"><i class=\"far fa-clock\"><\/i><time datetime=\"23 de setembro de 2024\">23 de setembro de 2024<\/time><\/span><\/div><\/div><div class=\"eael-entry-content\">\n                                <div class=\"eael-grid-post-excerpt\"><p>Controversies in a book that uncontroversially belongs to its era<\/p><a href=\"https:\/\/ilabrasil.com.br\/blog\/a-dichotomy-a-criticism-and-the-critiques-on-human-rights\/\" class=\"eael-post-elements-readmore-btn\">Leia mais \/ Read more<\/a><\/div>\n                            <\/div><\/div><\/div>\n    <\/div>\n<\/article><\/div>\n            <div class=\"clearfix\"><\/div>\n        <\/div>            <div class=\"eael-load-more-button-wrap eael-force-hide\">\n                <button class=\"eael-load-more-button\" id=\"eael-load-more-btn-9a4881b\" data-widget-id=\"9a4881b\" data-widget=\"9a4881b\" data-page-id=\"82\" data-template=\"{&quot;dir&quot;:&quot;lite&quot;,&quot;file_name&quot;:&quot;two.php&quot;,&quot;name&quot;:&quot;Post-Grid&quot;}\" data-class=\"Essential_Addons_Elementor\\Elements\\Post_Grid\" data-layout=\"grid\" data-page=\"1\" data-args=\"orderby=date&amp;order=desc&amp;ignore_sticky_posts=1&amp;post_status=publish&amp;posts_per_page=6&amp;offset=0&amp;post_type=post&amp;tax_query%5B0%5D%5Btaxonomy%5D=category&amp;tax_query%5B0%5D%5Bfield%5D=term_id&amp;tax_query%5B0%5D%5Bterms%5D%5B0%5D=3&amp;tax_query%5Brelation%5D=AND\" data-max-page=\"15\">\n                    <span class=\"eael-btn-loader button__loader\"><\/span>\n                    <span class=\"eael_load_more_text\">Load More<\/span>\n                <\/button>\n            <\/div>\n            \t\t\t\t<\/div>\n\t\t\t\t<\/div>\n\t\t\t\t\t<\/div>\n\t\t<\/div>\n\t\t\t\t\t<\/div>\n\t\t<\/section>\n\t\t\t\t<section class=\"elementor-section elementor-top-section elementor-element elementor-element-3fa8240 elementor-section-boxed elementor-section-height-default elementor-section-height-default\" data-id=\"3fa8240\" data-element_type=\"section\" data-settings=\"{&quot;background_background&quot;:&quot;classic&quot;}\">\n\t\t\t\t\t\t<div class=\"elementor-container elementor-column-gap-default\">\n\t\t\t\t\t<div class=\"elementor-column elementor-col-100 elementor-top-column elementor-element elementor-element-ca7525e\" data-id=\"ca7525e\" data-element_type=\"column\">\n\t\t\t<div class=\"elementor-widget-wrap elementor-element-populated\">\n\t\t\t\t\t\t<section class=\"elementor-section elementor-inner-section elementor-element elementor-element-e965392 elementor-section-content-middle elementor-section-boxed elementor-section-height-default elementor-section-height-default\" data-id=\"e965392\" data-element_type=\"section\">\n\t\t\t\t\t\t<div class=\"elementor-container elementor-column-gap-no\">\n\t\t\t\t\t<div class=\"elementor-column elementor-col-50 elementor-inner-column elementor-element elementor-element-1bdefd3\" data-id=\"1bdefd3\" data-element_type=\"column\">\n\t\t\t<div class=\"elementor-widget-wrap elementor-element-populated\">\n\t\t\t\t\t\t<div class=\"elementor-element elementor-element-9ebe04d elementor-widget__width-auto elementor-view-default elementor-widget elementor-widget-icon\" data-id=\"9ebe04d\" data-element_type=\"widget\" data-widget_type=\"icon.default\">\n\t\t\t\t<div class=\"elementor-widget-container\">\n\t\t\t\t\t\t\t<div class=\"elementor-icon-wrapper\">\n\t\t\t<div class=\"elementor-icon\">\n\t\t\t<i aria-hidden=\"true\" class=\"fas fa-book-medical\"><\/i>\t\t\t<\/div>\n\t\t<\/div>\n\t\t\t\t\t\t<\/div>\n\t\t\t\t<\/div>\n\t\t\t\t<div class=\"elementor-element elementor-element-ce674c9 elementor-widget__width-auto elementor-widget elementor-widget-heading\" data-id=\"ce674c9\" data-element_type=\"widget\" data-widget_type=\"heading.default\">\n\t\t\t\t<div class=\"elementor-widget-container\">\n\t\t\t\t\t<h3 class=\"elementor-heading-title elementor-size-default\">SIMP\u00d3SIOS DE PESQUISAS \/ RESEARCH SYMPOSIA:<\/h3>\t\t\t\t<\/div>\n\t\t\t\t<\/div>\n\t\t\t\t\t<\/div>\n\t\t<\/div>\n\t\t\t\t<div class=\"elementor-column elementor-col-50 elementor-inner-column elementor-element elementor-element-8faf03b\" data-id=\"8faf03b\" data-element_type=\"column\">\n\t\t\t<div class=\"elementor-widget-wrap elementor-element-populated\">\n\t\t\t\t\t\t<div class=\"elementor-element elementor-element-122c88a elementor-align-right elementor-widget elementor-widget-button\" data-id=\"122c88a\" data-element_type=\"widget\" data-widget_type=\"button.default\">\n\t\t\t\t<div class=\"elementor-widget-container\">\n\t\t\t\t\t\t\t\t\t<div class=\"elementor-button-wrapper\">\n\t\t\t\t\t<a class=\"elementor-button elementor-button-link elementor-size-xs\" href=\"https:\/\/www.ilabrasil.com.br\/blog\/category\/research-symposia\/\">\n\t\t\t\t\t\t<span class=\"elementor-button-content-wrapper\">\n\t\t\t\t\t\t<span class=\"elementor-button-icon\">\n\t\t\t\t<i aria-hidden=\"true\" class=\"fas fa-plus\"><\/i>\t\t\t<\/span>\n\t\t\t\t\t\t\t\t<\/span>\n\t\t\t\t\t<\/a>\n\t\t\t\t<\/div>\n\t\t\t\t\t\t\t\t<\/div>\n\t\t\t\t<\/div>\n\t\t\t\t\t<\/div>\n\t\t<\/div>\n\t\t\t\t\t<\/div>\n\t\t<\/section>\n\t\t\t\t<div class=\"elementor-element elementor-element-405857a elementor-widget-divider--view-line elementor-widget elementor-widget-divider\" data-id=\"405857a\" data-element_type=\"widget\" data-widget_type=\"divider.default\">\n\t\t\t\t<div class=\"elementor-widget-container\">\n\t\t\t\t\t\t\t<div class=\"elementor-divider\">\n\t\t\t<span class=\"elementor-divider-separator\">\n\t\t\t\t\t\t<\/span>\n\t\t<\/div>\n\t\t\t\t\t\t<\/div>\n\t\t\t\t<\/div>\n\t\t\t\t<div class=\"elementor-element elementor-element-38d5934 elementor-grid-eael-col-3 elementor-grid-tablet-eael-col-2 elementor-grid-mobile-eael-col-1 elementor-widget elementor-widget-eael-post-grid\" data-id=\"38d5934\" data-element_type=\"widget\" data-settings=\"{&quot;eael_post_grid_columns&quot;:&quot;eael-col-3&quot;,&quot;eael_post_grid_columns_tablet&quot;:&quot;eael-col-2&quot;,&quot;eael_post_grid_columns_mobile&quot;:&quot;eael-col-1&quot;}\" data-widget_type=\"eael-post-grid.default\">\n\t\t\t\t<div class=\"elementor-widget-container\">\n\t\t\t\t\t<div id=\"eael-post-grid-38d5934\" class=\"eael-post-grid-container\">\n            <div class=\"eael-post-grid eael-post-appender eael-post-appender-38d5934 eael-post-grid-style-two\" data-layout-mode=\"grid\"><article class=\"eael-grid-post eael-post-grid-column\" data-id=\"2756\">\n    <div class=\"eael-grid-post-holder\">\n        <div class=\"eael-grid-post-holder-inner\"><div class=\"eael-entry-wrapper\"><header class=\"eael-entry-header\"><h2 class=\"eael-entry-title\"><a class=\"eael-grid-post-link\" href=\"https:\/\/ilabrasil.com.br\/blog\/south-south-cooperation-as-twail-in-practice\/\" title=\"South-South Cooperation as TWAIL in Practice\">South-South Cooperation as TWAIL in Practice<\/a><\/h2><\/header><div class=\"eael-entry-header-after style-two\"><div class=\"eael-entry-meta\"><span class=\"eael-posted-on eael-meta-posted-on\"><i class=\"far fa-clock\"><\/i><time datetime=\"17 de abril de 2026\">17 de abril de 2026<\/time><\/span><\/div><\/div><div class=\"eael-entry-content\">\n                                <div class=\"eael-grid-post-excerpt\"><p>BRICS and the New Development Bank<\/p><a href=\"https:\/\/ilabrasil.com.br\/blog\/south-south-cooperation-as-twail-in-practice\/\" class=\"eael-post-elements-readmore-btn\">Leia mais \/ Read more<\/a><\/div>\n                            <\/div><\/div><\/div>\n    <\/div>\n<\/article><article class=\"eael-grid-post eael-post-grid-column\" data-id=\"2754\">\n    <div class=\"eael-grid-post-holder\">\n        <div class=\"eael-grid-post-holder-inner\"><div class=\"eael-entry-wrapper\"><header class=\"eael-entry-header\"><h2 class=\"eael-entry-title\"><a class=\"eael-grid-post-link\" href=\"https:\/\/ilabrasil.com.br\/blog\/race-and-development-in-the-2030-agenda\/\" title=\"Race and Development in the 2030 Agenda\">Race and Development in the 2030 Agenda<\/a><\/h2><\/header><div class=\"eael-entry-header-after style-two\"><div class=\"eael-entry-meta\"><span class=\"eael-posted-on eael-meta-posted-on\"><i class=\"far fa-clock\"><\/i><time datetime=\"17 de abril de 2026\">17 de abril de 2026<\/time><\/span><\/div><\/div><div class=\"eael-entry-content\">\n                                <div class=\"eael-grid-post-excerpt\"><p>Between discourse and reality<\/p><a href=\"https:\/\/ilabrasil.com.br\/blog\/race-and-development-in-the-2030-agenda\/\" class=\"eael-post-elements-readmore-btn\">Leia mais \/ Read more<\/a><\/div>\n                            <\/div><\/div><\/div>\n    <\/div>\n<\/article><article class=\"eael-grid-post eael-post-grid-column\" data-id=\"2752\">\n    <div class=\"eael-grid-post-holder\">\n        <div class=\"eael-grid-post-holder-inner\"><div class=\"eael-entry-wrapper\"><header class=\"eael-entry-header\"><h2 class=\"eael-entry-title\"><a class=\"eael-grid-post-link\" href=\"https:\/\/ilabrasil.com.br\/blog\/the-role-of-international-law-in-environmental-protection\/\" title=\"The Role of International Law in Environmental Protection\">The Role of International Law in Environmental Protection<\/a><\/h2><\/header><div class=\"eael-entry-header-after style-two\"><div class=\"eael-entry-meta\"><span class=\"eael-posted-on eael-meta-posted-on\"><i class=\"far fa-clock\"><\/i><time datetime=\"17 de abril de 2026\">17 de abril de 2026<\/time><\/span><\/div><\/div><div class=\"eael-entry-content\">\n                                <div class=\"eael-grid-post-excerpt\"><p>A Global South Perspective<\/p><a href=\"https:\/\/ilabrasil.com.br\/blog\/the-role-of-international-law-in-environmental-protection\/\" class=\"eael-post-elements-readmore-btn\">Leia mais \/ Read more<\/a><\/div>\n                            <\/div><\/div><\/div>\n    <\/div>\n<\/article><article class=\"eael-grid-post eael-post-grid-column\" data-id=\"2750\">\n    <div class=\"eael-grid-post-holder\">\n        <div class=\"eael-grid-post-holder-inner\"><div class=\"eael-entry-wrapper\"><header class=\"eael-entry-header\"><h2 class=\"eael-entry-title\"><a class=\"eael-grid-post-link\" href=\"https:\/\/ilabrasil.com.br\/blog\/the-global-south-strikes-back\/\" title=\"The Global South Strikes Back\">The Global South Strikes Back<\/a><\/h2><\/header><div class=\"eael-entry-header-after style-two\"><div class=\"eael-entry-meta\"><span class=\"eael-posted-on eael-meta-posted-on\"><i class=\"far fa-clock\"><\/i><time datetime=\"17 de abril de 2026\">17 de abril de 2026<\/time><\/span><\/div><\/div><div class=\"eael-entry-content\">\n                                <div class=\"eael-grid-post-excerpt\"><p>Are Cooperation and Facilitation Investment Agreements a Global South-Friendly Alternative to Proposal for ISDS Reform?<\/p><a href=\"https:\/\/ilabrasil.com.br\/blog\/the-global-south-strikes-back\/\" class=\"eael-post-elements-readmore-btn\">Leia mais \/ Read more<\/a><\/div>\n                            <\/div><\/div><\/div>\n    <\/div>\n<\/article><article class=\"eael-grid-post eael-post-grid-column\" data-id=\"2747\">\n    <div class=\"eael-grid-post-holder\">\n        <div class=\"eael-grid-post-holder-inner\"><div class=\"eael-entry-wrapper\"><header class=\"eael-entry-header\"><h2 class=\"eael-entry-title\"><a class=\"eael-grid-post-link\" href=\"https:\/\/ilabrasil.com.br\/blog\/moving-twail-hubs-from-north-to-south\/\" title=\"Moving TWAIL Hubs from North to South\">Moving TWAIL Hubs from North to South<\/a><\/h2><\/header><div class=\"eael-entry-header-after style-two\"><div class=\"eael-entry-meta\"><span class=\"eael-posted-on eael-meta-posted-on\"><i class=\"far fa-clock\"><\/i><time datetime=\"17 de abril de 2026\">17 de abril de 2026<\/time><\/span><\/div><\/div><div class=\"eael-entry-content\">\n                                <div class=\"eael-grid-post-excerpt\"><p>Empowering Global South Voices in International Law<\/p><a href=\"https:\/\/ilabrasil.com.br\/blog\/moving-twail-hubs-from-north-to-south\/\" class=\"eael-post-elements-readmore-btn\">Leia mais \/ Read more<\/a><\/div>\n                            <\/div><\/div><\/div>\n    <\/div>\n<\/article><article class=\"eael-grid-post eael-post-grid-column\" data-id=\"2721\">\n    <div class=\"eael-grid-post-holder\">\n        <div class=\"eael-grid-post-holder-inner\"><div class=\"eael-entry-media\"><div class=\"eael-entry-overlay zoom-in\"><i class=\"fab fa-readme\" aria-hidden=\"true\"><\/i><a href=\"https:\/\/ilabrasil.com.br\/blog\/from-hauntology-to-utopia-twail-and-its-ghosts\/\"><\/a><\/div><div class=\"eael-entry-thumbnail \">\n                            <img loading=\"lazy\" decoding=\"async\" width=\"300\" height=\"169\" src=\"https:\/\/ilabrasil.com.br\/blog\/wp-content\/uploads\/2026\/04\/RS-2-300x169.png\" class=\"attachment-medium size-medium wp-image-2722\" alt=\"\" srcset=\"https:\/\/ilabrasil.com.br\/blog\/wp-content\/uploads\/2026\/04\/RS-2-300x169.png 300w, https:\/\/ilabrasil.com.br\/blog\/wp-content\/uploads\/2026\/04\/RS-2-1024x576.png 1024w, https:\/\/ilabrasil.com.br\/blog\/wp-content\/uploads\/2026\/04\/RS-2-768x432.png 768w, https:\/\/ilabrasil.com.br\/blog\/wp-content\/uploads\/2026\/04\/RS-2-1536x864.png 1536w, https:\/\/ilabrasil.com.br\/blog\/wp-content\/uploads\/2026\/04\/RS-2-1200x675.png 1200w, https:\/\/ilabrasil.com.br\/blog\/wp-content\/uploads\/2026\/04\/RS-2.png 1920w\" sizes=\"(max-width: 300px) 85vw, 300px\" \/>\n                            <\/div>\n                    <\/div><div class=\"eael-entry-wrapper\"><header class=\"eael-entry-header\"><h2 class=\"eael-entry-title\"><a class=\"eael-grid-post-link\" href=\"https:\/\/ilabrasil.com.br\/blog\/from-hauntology-to-utopia-twail-and-its-ghosts\/\" title=\"From Hauntology to Utopia: TWAIL and its Ghosts\">From Hauntology to Utopia: TWAIL and its Ghosts<\/a><\/h2><\/header><div class=\"eael-entry-header-after style-two\"><div class=\"eael-entry-meta\"><span class=\"eael-posted-on eael-meta-posted-on\"><i class=\"far fa-clock\"><\/i><time datetime=\"10 de abril de 2026\">10 de abril de 2026<\/time><\/span><\/div><\/div><div class=\"eael-entry-content\">\n                                <div class=\"eael-grid-post-excerpt\"><p>How TWAILers approach History?<\/p><a href=\"https:\/\/ilabrasil.com.br\/blog\/from-hauntology-to-utopia-twail-and-its-ghosts\/\" class=\"eael-post-elements-readmore-btn\">Leia mais \/ Read more<\/a><\/div>\n                            <\/div><\/div><\/div>\n    <\/div>\n<\/article><\/div>\n            <div class=\"clearfix\"><\/div>\n        <\/div>            <div class=\"eael-load-more-button-wrap eael-force-hide\">\n                <button class=\"eael-load-more-button\" id=\"eael-load-more-btn-38d5934\" data-widget-id=\"38d5934\" data-widget=\"38d5934\" data-page-id=\"82\" data-template=\"{&quot;dir&quot;:&quot;lite&quot;,&quot;file_name&quot;:&quot;two.php&quot;,&quot;name&quot;:&quot;Post-Grid&quot;}\" data-class=\"Essential_Addons_Elementor\\Elements\\Post_Grid\" data-layout=\"grid\" data-page=\"1\" data-args=\"orderby=date&amp;order=desc&amp;ignore_sticky_posts=1&amp;post_status=publish&amp;posts_per_page=6&amp;offset=0&amp;post_type=post&amp;tax_query%5B0%5D%5Btaxonomy%5D=category&amp;tax_query%5B0%5D%5Bfield%5D=term_id&amp;tax_query%5B0%5D%5Bterms%5D%5B0%5D=5&amp;tax_query%5Brelation%5D=AND\" data-max-page=\"5\">\n                    <span class=\"eael-btn-loader button__loader\"><\/span>\n                    <span class=\"eael_load_more_text\">Load More<\/span>\n                <\/button>\n            <\/div>\n            \t\t\t\t<\/div>\n\t\t\t\t<\/div>\n\t\t\t\t\t<\/div>\n\t\t<\/div>\n\t\t\t\t\t<\/div>\n\t\t<\/section>\n\t\t\t\t<section class=\"elementor-section elementor-top-section elementor-element elementor-element-6f70b6f elementor-section-boxed elementor-section-height-default elementor-section-height-default\" data-id=\"6f70b6f\" data-element_type=\"section\" data-settings=\"{&quot;background_background&quot;:&quot;classic&quot;}\">\n\t\t\t\t\t\t<div class=\"elementor-container elementor-column-gap-default\">\n\t\t\t\t\t<div class=\"elementor-column elementor-col-100 elementor-top-column elementor-element elementor-element-837d100\" data-id=\"837d100\" data-element_type=\"column\">\n\t\t\t<div class=\"elementor-widget-wrap elementor-element-populated\">\n\t\t\t\t\t\t<div class=\"elementor-element elementor-element-0eaaa4e elementor-widget elementor-widget-heading\" data-id=\"0eaaa4e\" data-element_type=\"widget\" data-widget_type=\"heading.default\">\n\t\t\t\t<div class=\"elementor-widget-container\">\n\t\t\t\t\t<h3 class=\"elementor-heading-title elementor-size-default\">ILA BRASIL SOCIAL MEDIA:<\/h3>\t\t\t\t<\/div>\n\t\t\t\t<\/div>\n\t\t\t\t<div class=\"elementor-element elementor-element-b3832ee elementor-shape-rounded elementor-grid-0 e-grid-align-center elementor-widget elementor-widget-social-icons\" data-id=\"b3832ee\" data-element_type=\"widget\" data-widget_type=\"social-icons.default\">\n\t\t\t\t<div class=\"elementor-widget-container\">\n\t\t\t\t\t\t\t<div class=\"elementor-social-icons-wrapper elementor-grid\" role=\"list\">\n\t\t\t\t\t\t\t<span class=\"elementor-grid-item\" role=\"listitem\">\n\t\t\t\t\t<a class=\"elementor-icon elementor-social-icon elementor-social-icon-facebook elementor-repeater-item-36c88ab\" href=\"https:\/\/www.facebook.com\/people\/Ila-Brasil\/100005605878795\" target=\"_blank\">\n\t\t\t\t\t\t<span class=\"elementor-screen-only\">Facebook<\/span>\n\t\t\t\t\t\t<i aria-hidden=\"true\" class=\"fab fa-facebook\"><\/i>\t\t\t\t\t<\/a>\n\t\t\t\t<\/span>\n\t\t\t\t\t\t\t<span class=\"elementor-grid-item\" role=\"listitem\">\n\t\t\t\t\t<a class=\"elementor-icon elementor-social-icon elementor-social-icon-twitter elementor-repeater-item-65b379c\" href=\"https:\/\/twitter.com\/brasil_ila\" target=\"_blank\">\n\t\t\t\t\t\t<span class=\"elementor-screen-only\">Twitter<\/span>\n\t\t\t\t\t\t<i aria-hidden=\"true\" class=\"fab fa-twitter\"><\/i>\t\t\t\t\t<\/a>\n\t\t\t\t<\/span>\n\t\t\t\t\t\t\t<span class=\"elementor-grid-item\" role=\"listitem\">\n\t\t\t\t\t<a class=\"elementor-icon elementor-social-icon elementor-social-icon-youtube elementor-repeater-item-42678e2\" href=\"https:\/\/www.youtube.com\/channel\/UCtqTLj58trMPZsqJQXuoBLw\" target=\"_blank\">\n\t\t\t\t\t\t<span class=\"elementor-screen-only\">Youtube<\/span>\n\t\t\t\t\t\t<i aria-hidden=\"true\" class=\"fab fa-youtube\"><\/i>\t\t\t\t\t<\/a>\n\t\t\t\t<\/span>\n\t\t\t\t\t\t\t<span class=\"elementor-grid-item\" role=\"listitem\">\n\t\t\t\t\t<a class=\"elementor-icon elementor-social-icon elementor-social-icon-envelope elementor-repeater-item-9f834b3\" href=\"http:\/\/ila-brasil.org.br\/blog\/contato\/\" target=\"_blank\">\n\t\t\t\t\t\t<span class=\"elementor-screen-only\">Envelope<\/span>\n\t\t\t\t\t\t<i aria-hidden=\"true\" class=\"fas fa-envelope\"><\/i>\t\t\t\t\t<\/a>\n\t\t\t\t<\/span>\n\t\t\t\t\t\t\t<span class=\"elementor-grid-item\" role=\"listitem\">\n\t\t\t\t\t<a class=\"elementor-icon elementor-social-icon elementor-social-icon-link elementor-repeater-item-7db2099\" href=\"http:\/\/ila-brasil.org.br\/\" target=\"_blank\">\n\t\t\t\t\t\t<span class=\"elementor-screen-only\">Link<\/span>\n\t\t\t\t\t\t<i aria-hidden=\"true\" class=\"fas fa-link\"><\/i>\t\t\t\t\t<\/a>\n\t\t\t\t<\/span>\n\t\t\t\t\t\t\t<span class=\"elementor-grid-item\" role=\"listitem\">\n\t\t\t\t\t<a class=\"elementor-icon elementor-social-icon elementor-social-icon-instagram elementor-repeater-item-a8c2d2b\" href=\"https:\/\/www.instagram.com\/ila.brasil\/\" target=\"_blank\">\n\t\t\t\t\t\t<span class=\"elementor-screen-only\">Instagram<\/span>\n\t\t\t\t\t\t<i aria-hidden=\"true\" class=\"fab fa-instagram\"><\/i>\t\t\t\t\t<\/a>\n\t\t\t\t<\/span>\n\t\t\t\t\t<\/div>\n\t\t\t\t\t\t<\/div>\n\t\t\t\t<\/div>\n\t\t\t\t\t<\/div>\n\t\t<\/div>\n\t\t\t\t\t<\/div>\n\t\t<\/section>\n\t\t\t\t<\/div>\n\t\t","protected":false},"excerpt":{"rendered":"<p>Simp\u00f3sios de PesquisasResearch SymposiaConfira \/ Read MoreSimp\u00f3sios de LivrosBook SymposiaConfira \/ Read more DESTAQUES \/ FEATURED: CALL FOR PAPERS &#8211; International Conference on Regional Approaches to International Law: what role in a dividing world? 6 de dezembro de 2025 Chamada para Confer\u00eancia ILA-SAfDI-SLADI &#8211; 15 de dezembro. Leia mais \/ Read more Contribui\u00e7\u00f5es da Opini\u00e3o &hellip; <a href=\"https:\/\/ilabrasil.com.br\/blog\/from-hauntology-to-utopia-twail-and-its-ghosts\/\" class=\"more-link\">Continue lendo<span class=\"screen-reader-text\"> &#8220;From Hauntology to Utopia: TWAIL and its Ghosts&#8221;<\/span><\/a><\/p>\n","protected":false},"author":1,"featured_media":0,"parent":0,"menu_order":0,"comment_status":"closed","ping_status":"closed","template":"","meta":{"footnotes":""},"class_list":["post-82","page","type-page","status-publish","hentry"],"_links":{"self":[{"href":"https:\/\/ilabrasil.com.br\/blog\/wp-json\/wp\/v2\/pages\/82","targetHints":{"allow":["GET"]}}],"collection":[{"href":"https:\/\/ilabrasil.com.br\/blog\/wp-json\/wp\/v2\/pages"}],"about":[{"href":"https:\/\/ilabrasil.com.br\/blog\/wp-json\/wp\/v2\/types\/page"}],"author":[{"embeddable":true,"href":"https:\/\/ilabrasil.com.br\/blog\/wp-json\/wp\/v2\/users\/1"}],"replies":[{"embeddable":true,"href":"https:\/\/ilabrasil.com.br\/blog\/wp-json\/wp\/v2\/comments?post=82"}],"version-history":[{"count":258,"href":"https:\/\/ilabrasil.com.br\/blog\/wp-json\/wp\/v2\/pages\/82\/revisions"}],"predecessor-version":[{"id":2631,"href":"https:\/\/ilabrasil.com.br\/blog\/wp-json\/wp\/v2\/pages\/82\/revisions\/2631"}],"wp:attachment":[{"href":"https:\/\/ilabrasil.com.br\/blog\/wp-json\/wp\/v2\/media?parent=82"}],"curies":[{"name":"wp","href":"https:\/\/api.w.org\/{rel}","templated":true}]}}