{"id":51,"date":"2021-08-10T15:55:03","date_gmt":"2021-08-10T18:55:03","guid":{"rendered":"https:\/\/ilabrasil.com.br\/blog\/?page_id=51"},"modified":"2023-04-19T16:45:48","modified_gmt":"2023-04-19T19:45:48","slug":"sobre","status":"publish","type":"page","link":"https:\/\/ilabrasil.com.br\/blog\/sobre\/","title":{"rendered":"Sobre"},"content":{"rendered":"\t\t<div data-elementor-type=\"wp-page\" data-elementor-id=\"51\" class=\"elementor elementor-51\" data-elementor-post-type=\"page\">\n\t\t\t\t\t\t<section class=\"elementor-section elementor-top-section elementor-element elementor-element-b613fb4 elementor-section-boxed elementor-section-height-default elementor-section-height-default\" data-id=\"b613fb4\" data-element_type=\"section\" data-settings=\"{&quot;background_background&quot;:&quot;classic&quot;}\">\n\t\t\t\t\t\t<div class=\"elementor-container elementor-column-gap-default\">\n\t\t\t\t\t<div class=\"elementor-column elementor-col-100 elementor-top-column elementor-element elementor-element-0d83b81\" data-id=\"0d83b81\" data-element_type=\"column\">\n\t\t\t<div class=\"elementor-widget-wrap elementor-element-populated\">\n\t\t\t\t\t\t<div class=\"elementor-element elementor-element-4286751 elementor-widget elementor-widget-heading\" data-id=\"4286751\" data-element_type=\"widget\" data-widget_type=\"heading.default\">\n\t\t\t\t<div class=\"elementor-widget-container\">\n\t\t\t\t\t<h2 class=\"elementor-heading-title elementor-size-default\">Sobre o ILA \/ About ILA<\/h2>\t\t\t\t<\/div>\n\t\t\t\t<\/div>\n\t\t\t\t<div class=\"elementor-element elementor-element-eb16cb9 elementor-widget elementor-widget-image\" data-id=\"eb16cb9\" data-element_type=\"widget\" data-widget_type=\"image.default\">\n\t\t\t\t<div class=\"elementor-widget-container\">\n\t\t\t\t\t\t\t\t\t\t\t\t\t\t\t<img fetchpriority=\"high\" decoding=\"async\" width=\"1536\" height=\"1024\" src=\"https:\/\/ilabrasil.com.br\/blog\/wp-content\/uploads\/2021\/08\/pexels-aksonsat-uanthoeng-1078850-1536x1024.jpg\" class=\"attachment-1536x1536 size-1536x1536 wp-image-69\" alt=\"\" srcset=\"https:\/\/ilabrasil.com.br\/blog\/wp-content\/uploads\/2021\/08\/pexels-aksonsat-uanthoeng-1078850-1536x1024.jpg 1536w, https:\/\/ilabrasil.com.br\/blog\/wp-content\/uploads\/2021\/08\/pexels-aksonsat-uanthoeng-1078850-300x200.jpg 300w, https:\/\/ilabrasil.com.br\/blog\/wp-content\/uploads\/2021\/08\/pexels-aksonsat-uanthoeng-1078850-1024x683.jpg 1024w, https:\/\/ilabrasil.com.br\/blog\/wp-content\/uploads\/2021\/08\/pexels-aksonsat-uanthoeng-1078850-768x512.jpg 768w, https:\/\/ilabrasil.com.br\/blog\/wp-content\/uploads\/2021\/08\/pexels-aksonsat-uanthoeng-1078850-2048x1365.jpg 2048w, https:\/\/ilabrasil.com.br\/blog\/wp-content\/uploads\/2021\/08\/pexels-aksonsat-uanthoeng-1078850-1200x800.jpg 1200w\" sizes=\"(max-width: 709px) 85vw, (max-width: 909px) 67vw, (max-width: 1362px) 62vw, 840px\" \/>\t\t\t\t\t\t\t\t\t\t\t\t\t\t\t<\/div>\n\t\t\t\t<\/div>\n\t\t\t\t<section class=\"elementor-section elementor-inner-section elementor-element elementor-element-db281b9 elementor-section-boxed elementor-section-height-default elementor-section-height-default\" data-id=\"db281b9\" data-element_type=\"section\">\n\t\t\t\t\t\t<div class=\"elementor-container elementor-column-gap-default\">\n\t\t\t\t\t<div class=\"elementor-column elementor-col-50 elementor-inner-column elementor-element elementor-element-583b708\" data-id=\"583b708\" data-element_type=\"column\">\n\t\t\t<div class=\"elementor-widget-wrap elementor-element-populated\">\n\t\t\t\t\t\t<div class=\"elementor-element elementor-element-7851b6d elementor-widget elementor-widget-heading\" data-id=\"7851b6d\" data-element_type=\"widget\" data-widget_type=\"heading.default\">\n\t\t\t\t<div class=\"elementor-widget-container\">\n\t\t\t\t\t<h2 class=\"elementor-heading-title elementor-size-default\">Portugu\u00eas:<\/h2>\t\t\t\t<\/div>\n\t\t\t\t<\/div>\n\t\t\t\t<div class=\"elementor-element elementor-element-d3e2e74 elementor-widget elementor-widget-text-editor\" data-id=\"d3e2e74\" data-element_type=\"widget\" data-widget_type=\"text-editor.default\">\n\t\t\t\t<div class=\"elementor-widget-container\">\n\t\t\t\t\t\t\t\t\t<p>International Law Agendas \u00e9 o blog do Ramo Brasileiro da International Law Association (ILA). A proposta, longamente fermentada e discutida no \u00e2mbito da Diretoria da ILA, tem o intuito de criar um espa\u00e7o democr\u00e1tico de r\u00e1pido acesso para discuss\u00e3o e avan\u00e7o do debate de direito internacional a partir do Brasil. Buscamos um espa\u00e7o que sirva como fonte concreta de informa\u00e7\u00e3o e an\u00e1lise, mas tamb\u00e9m de reflex\u00e3o cr\u00edtica sobre os diversos ramos do direito internacional e as diversas abordagens que este permite.<\/p><p><span style=\"color: var( --e-global-color-text ); font-family: var( --e-global-typography-text-font-family ), Sans-serif; font-weight: var( --e-global-typography-text-font-weight ); background-color: var( --e-global-color-45bd265 ); font-size: 1rem;\">Em suma, um espa\u00e7o para discutirmos diversas Agendas.<\/span><\/p><p><span style=\"color: var( --e-global-color-text ); font-family: var( --e-global-typography-text-font-family ), Sans-serif; font-weight: var( --e-global-typography-text-font-weight ); background-color: var( --e-global-color-45bd265 ); font-size: 1rem;\">Esse blog \u00e9 dedicado a facilitar e amplificar vozes estabelecidas e que ainda est\u00e3o na rota de estabelecer-se no campo do Direito Internacional. Queremos facilitar uma realidade em que o Direito Internacional n\u00e3o seja s\u00f3 o \u201ccol\u00e9gio invis\u00edvel\u201d dos grandes nomes. Contudo, inexistia um espa\u00e7o brasileiro para que essas discuss\u00f5es pudessem ocorrer. Exatamente aqui que se galvaniza nosso objetivo: o de promover um espa\u00e7o para divulga\u00e7\u00e3o e debates de ideias em formato mais objetivo e de ampla circula\u00e7\u00e3o.<\/span><\/p><p><span style=\"color: var( --e-global-color-text ); font-family: var( --e-global-typography-text-font-family ), Sans-serif; font-weight: var( --e-global-typography-text-font-weight ); background-color: var( --e-global-color-45bd265 ); font-size: 1rem;\">Por estar vinculado a ILA-Brasil, o blog fomentaria submiss\u00f5es sobre os grandes temas do direito internacional, sobretudo aqueles que t\u00eam particular import\u00e2ncia para o Brasil. E por entendermos que o direito internacional, por natureza, existe pela necessidade de coordenar diferentes ordenamentos jur\u00eddicos nacionais, este blog tamb\u00e9m incentiva contribui\u00e7\u00f5es sobre desenvolvimentos da disciplina para al\u00e9m do Brasil, encorajando vozes n\u00e3o brasileiras \u2013 estabelecidas e emergentes.<\/span><\/p><p><span style=\"color: var( --e-global-color-text ); font-family: var( --e-global-typography-text-font-family ), Sans-serif; font-weight: var( --e-global-typography-text-font-weight ); background-color: var( --e-global-color-45bd265 ); font-size: 1rem;\">Nossas discuss\u00f5es ocorrem em diversos formatos dentro desse blog \u2013 de acordo com as nossas\u00a0<\/span><span style=\"color: var( --e-global-color-text ); font-family: var( --e-global-typography-text-font-family ), Sans-serif; font-weight: var( --e-global-typography-text-font-weight ); background-color: var( --e-global-color-45bd265 ); font-size: 1rem;\"><a href=\"https:\/\/ilabrasilblog.wixsite.com\/blog\/regras\" target=\"_self\">regras para publica\u00e7\u00e3o<\/a><\/span><span style=\"color: var( --e-global-color-text ); font-family: var( --e-global-typography-text-font-family ), Sans-serif; font-weight: var( --e-global-typography-text-font-weight ); background-color: var( --e-global-color-45bd265 ); font-size: 1rem;\">. E estamos sempre dispostos a discutir formas novas de facilitar di\u00e1logos sobre o Direito Internacional \u2013 por favor entre em contato com os editores!<\/span><\/p><p><span style=\"font-weight: bold; color: var( --e-global-color-text ); font-family: var( --e-global-typography-text-font-family ), Sans-serif; background-color: var( --e-global-color-45bd265 ); font-size: 1rem;\">Editores:<\/span><\/p><p><strong>Editores-Chefes:<br \/><a href=\"https:\/\/ufrgs.academia.edu\/FabioMorosini\" target=\"_blank\" rel=\"nofollow noopener\">Fabio Morosini<\/a>\u00a0<\/strong>\u00e9 Professor Associado na Faculdade de Direito da Universidade Federal do Rio Grande do Sul, e Diretor do Ramo Brasileiro da ILA.<\/p><p><strong><a href=\"https:\/\/www.law.unsw.edu.au\/staff\/lucas-lixinski\" target=\"_blank\" rel=\"nofollow noopener\">Lucas Lixinski<\/a>\u00a0<\/strong>\u00e9 Professor na Faculdade de Direito da UNSW Sydney, na Austr\u00e1lia, e Diretor do Ramo Brasileiro da ILA.<\/p><p><span style=\"color: var( --e-global-color-text ); font-family: var( --e-global-typography-text-font-family ), Sans-serif; font-weight: var( --e-global-typography-text-font-weight ); background-color: var( --e-global-color-45bd265 ); font-size: 1rem;\"><a href=\"https:\/\/styluscuriarum.org\/membros\/\" target=\"_blank\" rel=\"nofollow noopener\"><strong>Lucas Carlos Lima<\/strong><\/a><\/span><span style=\"color: var( --e-global-color-text ); font-family: var( --e-global-typography-text-font-family ), Sans-serif; font-weight: var( --e-global-typography-text-font-weight ); background-color: var( --e-global-color-45bd265 ); font-size: 1rem;\">, \u00e9 Professor na Faculdade de Direito da Universidade Federal de Minas Gerais, e Diretor do Ramo Brasileiro da ILA.<\/span><\/p><p><strong>Editores-Executivos:<\/strong><\/p><p><strong>Fabr\u00edcio Jos\u00e9 Rodrigues Lemos<\/strong>, \u00e9 Doutor em Direito pela Universidade Federal do Rio Grande do Sul.<\/p><p><strong>Vivian Daniele Rocha Gabriel<\/strong>, \u00e9 Doutora em Direito pela USP.<\/p><p><strong>Patr\u00edcia Barros<\/strong>, \u00e9 Doutoranda em Direito na UNB.<\/p><p><strong>Conselho Editorial:<\/strong><\/p><p>Aziz Tuffi Saliba<br \/>Andr\u00e9 de Carvalho Ramos<br \/>Arnaldo Sobrinho de Morais Neto<br \/>Cl\u00e1udia Lima Marques<br \/>Fl\u00e1via de \u00c1vila<br \/>Gustavo Ferraz de Campos M\u00f4naco<br \/>Jamile Bergamaschine Mata Diz<br \/>Marc\u00edlio Toscana Franca Filho<br \/>Michelle Ratton Sanchez Badin<br \/>Paulo Em\u00edlio Vauthier Borges de Macedo<br \/>Salem Hikmat Nasser<br \/>Tarin Cristino Frota Mont&#8217;Alverne<\/p><p class=\"font_8\"><b>Editores-Assistentes:<\/b><\/p><p>Diego Fl\u00e1vio Fontoura Jos\u00e9<br \/>Lucas Mendes Felippe<\/p>\t\t\t\t\t\t\t\t<\/div>\n\t\t\t\t<\/div>\n\t\t\t\t\t<\/div>\n\t\t<\/div>\n\t\t\t\t<div class=\"elementor-column elementor-col-50 elementor-inner-column elementor-element elementor-element-4f98499\" data-id=\"4f98499\" data-element_type=\"column\">\n\t\t\t<div class=\"elementor-widget-wrap elementor-element-populated\">\n\t\t\t\t\t\t<div class=\"elementor-element elementor-element-a7ced69 elementor-widget elementor-widget-heading\" data-id=\"a7ced69\" data-element_type=\"widget\" data-widget_type=\"heading.default\">\n\t\t\t\t<div class=\"elementor-widget-container\">\n\t\t\t\t\t<h2 class=\"elementor-heading-title elementor-size-default\">English:<\/h2>\t\t\t\t<\/div>\n\t\t\t\t<\/div>\n\t\t\t\t<div class=\"elementor-element elementor-element-76d40b9 elementor-widget elementor-widget-text-editor\" data-id=\"76d40b9\" data-element_type=\"widget\" data-widget_type=\"text-editor.default\">\n\t\t\t\t<div class=\"elementor-widget-container\">\n\t\t\t\t\t\t\t\t\t<p class=\"font_8\">International Law Agendas is the Brazilian International Law Association\u2019s (ILA-Brazil) blog. The propose, which has been highly discussed by ILA\u2019s board of directors, aims to create a democratic space with quick access to discussion and advancement on the debate on international law formulated from Brazil. We look for a space that serves as a concrete source of information, but also of critical reflection on the diverse branches of international law and the multiple approaches that it enhances.<\/p><p class=\"font_8\">Thus, it is a space to discuss the multiples Agendas.<\/p><p class=\"font_8\">This blog is dedicated to facilitating and amplifying stablished voices which are still on track to establish themselves in the field of International Law. We want to promote a reality in which International Law is not just the \u201cInvisible College\u201d of the great names. However, until now, there was no Brazilian space for these discussions to take place. This features the precise goal of the blog: to promote a space for the dissemination and debate of ideas in a more objective and largely circulated format.<span class=\"wixGuard\">\u200b<\/span><\/p><p class=\"font_8\">As it is linked to the ILA-Brazil, the blog would encourage submissions on the major themes of International Law, especially those that are particularly important for Brazil. And because we understand that International Law, by nature, exists due to the need of coordinating different national legal systems, the blog also encourages contributions on the developments of the subject beyond Brazil, encouraging established and emergent non-Brazilian voices.<\/p><p class=\"font_8\">Our discussions in this blog occur in many formats \u2013 according to our\u00a0<span class=\"color_16\"><a href=\"https:\/\/ilabrasilblog.wixsite.com\/blog\/regras\" target=\"_self\">submission rules<\/a><\/span>. And we are always happy to discuss new ways to facilitate dialogues on International Law \u2013 please contact the editors!<\/p><p class=\"font_8\"><strong><br \/>Editors<\/strong><\/p><p class=\"font_0\"><strong>Managing Editors:<br \/><span class=\"color_16\"><a href=\"https:\/\/ufrgs.academia.edu\/FabioMorosini\" target=\"_blank\" rel=\"nofollow noopener\">Fabio Morosini<\/a><\/span><\/strong>\u00a0&#8211; Associate Professor at the Law School of the Federal University of Rio Grande do Sul, and Director of the ILA-Brazil.<\/p><p class=\"font_8\"><strong><span class=\"color_16\"><a href=\"https:\/\/www.law.unsw.edu.au\/staff\/lucas-lixinski\" target=\"_blank\" rel=\"nofollow noopener\">Lucas Lixinski<\/a><\/span><\/strong>\u00a0is Professor at the Law School of the University of New South Wales, Sydney, Australia, and Director of the ILA-Brazil.<\/p><p class=\"font_8\"><strong><span class=\"color_16\"><a href=\"https:\/\/styluscuriarum.org\/membros\/\" target=\"_blank\" rel=\"nofollow noopener\">Lucas Carlos Lima<\/a><\/span><\/strong>, is Professor at the Law School of the Federal University of Minas Gerais, and Director of the ILA-Brazil.<\/p><p><strong>Executive Editors:<\/strong><\/p><p><strong>Fabr\u00edcio Jos\u00e9 Rodrigues Lemos<\/strong>, is a PhD from the Federal University of Rio Grande do Sul (UFRGS) Law School.<\/p><p><strong>Vivian Daniele Rocha Gabriel<\/strong>, is a PhD from the USP Law School.<\/p><p><strong>Patr\u00edcia Barros<\/strong>, is a PhD Candidate from the University of Bras\u00edlia (UnB).<\/p><p class=\"font_8\"><strong>Editorial Board:<\/strong><\/p><p class=\"font_8\">Aziz Tuffi Saliba\u00a0<br \/>Andr\u00e9 de Carvalho Ramos\u00a0<br \/>Arnaldo Sobrinho de Morais Neto\u00a0<br \/>Cl\u00e1udia Lima Marques\u00a0<br \/>Fl\u00e1via de \u00c1vila\u00a0<br \/>Gustavo Ferraz de Campos M\u00f4naco\u00a0<br \/>Jamile Bergamaschine Mata Diz<br \/>Marc\u00edlio Toscana Franca Filho<br \/>Michelle Ratton Sanchez Badin\u00a0<br \/>Paulo Em\u00edlio Vauthier Borges de Macedo\u00a0<br \/>Salem Hikmat Nasser\u00a0<br \/>Tarin Cristino Frota Mont&#8217;Alverne<\/p><p class=\"font_8\"><strong>Assistant Editors:<\/strong><\/p><p class=\"font_8\">Diego Fl\u00e1vio Fontoura Jos\u00e9<br \/>Lucas Mendes Felippe<\/p>\t\t\t\t\t\t\t\t<\/div>\n\t\t\t\t<\/div>\n\t\t\t\t\t<\/div>\n\t\t<\/div>\n\t\t\t\t\t<\/div>\n\t\t<\/section>\n\t\t\t\t\t<\/div>\n\t\t<\/div>\n\t\t\t\t\t<\/div>\n\t\t<\/section>\n\t\t\t\t<\/div>\n\t\t","protected":false},"excerpt":{"rendered":"<p>Sobre o ILA \/ About ILA Portugu\u00eas: International Law Agendas \u00e9 o blog do Ramo Brasileiro da International Law Association (ILA). A proposta, longamente fermentada e discutida no \u00e2mbito da Diretoria da ILA, tem o intuito de criar um espa\u00e7o democr\u00e1tico de r\u00e1pido acesso para discuss\u00e3o e avan\u00e7o do debate de direito internacional a partir &hellip; <a href=\"https:\/\/ilabrasil.com.br\/blog\/sobre\/\" class=\"more-link\">Continue lendo<span class=\"screen-reader-text\"> &#8220;Sobre&#8221;<\/span><\/a><\/p>\n","protected":false},"author":1,"featured_media":0,"parent":0,"menu_order":0,"comment_status":"closed","ping_status":"closed","template":"","meta":{"footnotes":""},"class_list":["post-51","page","type-page","status-publish","hentry"],"_links":{"self":[{"href":"https:\/\/ilabrasil.com.br\/blog\/wp-json\/wp\/v2\/pages\/51","targetHints":{"allow":["GET"]}}],"collection":[{"href":"https:\/\/ilabrasil.com.br\/blog\/wp-json\/wp\/v2\/pages"}],"about":[{"href":"https:\/\/ilabrasil.com.br\/blog\/wp-json\/wp\/v2\/types\/page"}],"author":[{"embeddable":true,"href":"https:\/\/ilabrasil.com.br\/blog\/wp-json\/wp\/v2\/users\/1"}],"replies":[{"embeddable":true,"href":"https:\/\/ilabrasil.com.br\/blog\/wp-json\/wp\/v2\/comments?post=51"}],"version-history":[{"count":44,"href":"https:\/\/ilabrasil.com.br\/blog\/wp-json\/wp\/v2\/pages\/51\/revisions"}],"predecessor-version":[{"id":2068,"href":"https:\/\/ilabrasil.com.br\/blog\/wp-json\/wp\/v2\/pages\/51\/revisions\/2068"}],"wp:attachment":[{"href":"https:\/\/ilabrasil.com.br\/blog\/wp-json\/wp\/v2\/media?parent=51"}],"curies":[{"name":"wp","href":"https:\/\/api.w.org\/{rel}","templated":true}]}}